{"version":"1.0","provider_name":"\u017durnalas Lietuv\u0117","provider_url":"https:\/\/lietuve.lt","title":"Tarptautiniame festivalyje \u201eRiga Symphony 2015\u201c \u2013 jaun\u0173j\u0173 Lietuvos atlik\u0117j\u0173 s\u0117km\u0117  - \u017durnalas Lietuv\u0117","type":"rich","width":600,"height":338,"html":"<blockquote class=\"wp-embedded-content\" data-secret=\"sdf87To7BX\"><a href=\"https:\/\/lietuve.lt\/tarptautiniame-festivalyje-riga-symphony-2015-jaunuju-lietuvos-atlikeju-sekme\/\">Tarptautiniame festivalyje  \u201eRiga Symphony 2015\u201c \u2013 jaun\u0173j\u0173 Lietuvos atlik\u0117j\u0173 s\u0117km\u0117<\/a><\/blockquote><iframe sandbox=\"allow-scripts\" security=\"restricted\" src=\"https:\/\/lietuve.lt\/tarptautiniame-festivalyje-riga-symphony-2015-jaunuju-lietuvos-atlikeju-sekme\/embed\/#?secret=sdf87To7BX\" width=\"600\" height=\"338\" title=\"&#8220;Tarptautiniame festivalyje  \u201eRiga Symphony 2015\u201c \u2013 jaun\u0173j\u0173 Lietuvos atlik\u0117j\u0173 s\u0117km\u0117&#8221; &#8212; \u017durnalas Lietuv\u0117\" data-secret=\"sdf87To7BX\" frameborder=\"0\" marginwidth=\"0\" marginheight=\"0\" scrolling=\"no\" class=\"wp-embedded-content\"><\/iframe><script type=\"text\/javascript\">\n\/* <![CDATA[ *\/\n\/*! This file is auto-generated *\/\n!function(d,l){\"use strict\";l.querySelector&&d.addEventListener&&\"undefined\"!=typeof URL&&(d.wp=d.wp||{},d.wp.receiveEmbedMessage||(d.wp.receiveEmbedMessage=function(e){var t=e.data;if((t||t.secret||t.message||t.value)&&!\/[^a-zA-Z0-9]\/.test(t.secret)){for(var s,r,n,a=l.querySelectorAll('iframe[data-secret=\"'+t.secret+'\"]'),o=l.querySelectorAll('blockquote[data-secret=\"'+t.secret+'\"]'),c=new RegExp(\"^https?:$\",\"i\"),i=0;i<o.length;i++)o[i].style.display=\"none\";for(i=0;i<a.length;i++)s=a[i],e.source===s.contentWindow&&(s.removeAttribute(\"style\"),\"height\"===t.message?(1e3<(r=parseInt(t.value,10))?r=1e3:~~r<200&&(r=200),s.height=r):\"link\"===t.message&&(r=new URL(s.getAttribute(\"src\")),n=new URL(t.value),c.test(n.protocol))&&n.host===r.host&&l.activeElement===s&&(d.top.location.href=t.value))}},d.addEventListener(\"message\",d.wp.receiveEmbedMessage,!1),l.addEventListener(\"DOMContentLoaded\",function(){for(var e,t,s=l.querySelectorAll(\"iframe.wp-embedded-content\"),r=0;r<s.length;r++)(t=(e=s[r]).getAttribute(\"data-secret\"))||(t=Math.random().toString(36).substring(2,12),e.src+=\"#?secret=\"+t,e.setAttribute(\"data-secret\",t)),e.contentWindow.postMessage({message:\"ready\",secret:t},\"*\")},!1)))}(window,document);\n\/\/# sourceURL=https:\/\/lietuve.lt\/wp-includes\/js\/wp-embed.min.js\n\/* ]]> *\/\n<\/script>\n","thumbnail_url":"https:\/\/lietuve.lt\/wp-content\/uploads\/2015\/12\/167.jpg","thumbnail_width":479,"thumbnail_height":359,"description":"Jaunieji Lietuvos atlik\u0117jai garbingai atstovavo \u0161aliai tarptautiniame festivalyje Latvijoje \u201eRiga Symphony 2015\u201c. Laim\u0117jimai gaus\u016bs: didysis prizas grupei \u201eSaul\u0117s vaikai\u201c ir penkios prizin\u0117s vietos jaunosioms solist\u0117ms. Gausus jaun\u0173j\u0173 Lietuvos atlik\u0117j\u0173 b\u016brys, vadovaujamas delegacijos vadov\u0117s Astos Bagdonavi\u010dien\u0117s, praeit\u0105 savait\u0119 gr\u012f\u017eo i\u0161 tarptautinio vokalist\u0173 festivalio \u201eRiga Symphony 2015\u201c. Dalyvavimas \u0161iame festivalyje Lietuvos atlik\u0117jams buvo itin s\u0117kmingas: i\u0161kovotas vienos"}