{"version":"1.0","provider_name":"\u017durnalas Lietuv\u0117","provider_url":"https:\/\/lietuve.lt","title":"Tarptautiniame festivalyje \u0160vedijoje dalyvavo devyni kolektyvai i\u0161 Lietuvos - \u017durnalas Lietuv\u0117","type":"rich","width":600,"height":338,"html":"<blockquote class=\"wp-embedded-content\" data-secret=\"fO7yCDIRVn\"><a href=\"https:\/\/lietuve.lt\/tarptautiniame-festivalyje-svedijoje-dalyvavo-devyni-kolektyvai-is-lietuvos\/\">Tarptautiniame festivalyje \u0160vedijoje dalyvavo devyni kolektyvai i\u0161 Lietuvos<\/a><\/blockquote><iframe sandbox=\"allow-scripts\" security=\"restricted\" src=\"https:\/\/lietuve.lt\/tarptautiniame-festivalyje-svedijoje-dalyvavo-devyni-kolektyvai-is-lietuvos\/embed\/#?secret=fO7yCDIRVn\" width=\"600\" height=\"338\" title=\"&#8220;Tarptautiniame festivalyje \u0160vedijoje dalyvavo devyni kolektyvai i\u0161 Lietuvos&#8221; &#8212; \u017durnalas Lietuv\u0117\" data-secret=\"fO7yCDIRVn\" frameborder=\"0\" marginwidth=\"0\" marginheight=\"0\" scrolling=\"no\" class=\"wp-embedded-content\"><\/iframe><script type=\"text\/javascript\">\n\/* <![CDATA[ *\/\n\/*! This file is auto-generated *\/\n!function(d,l){\"use strict\";l.querySelector&&d.addEventListener&&\"undefined\"!=typeof URL&&(d.wp=d.wp||{},d.wp.receiveEmbedMessage||(d.wp.receiveEmbedMessage=function(e){var t=e.data;if((t||t.secret||t.message||t.value)&&!\/[^a-zA-Z0-9]\/.test(t.secret)){for(var s,r,n,a=l.querySelectorAll('iframe[data-secret=\"'+t.secret+'\"]'),o=l.querySelectorAll('blockquote[data-secret=\"'+t.secret+'\"]'),c=new RegExp(\"^https?:$\",\"i\"),i=0;i<o.length;i++)o[i].style.display=\"none\";for(i=0;i<a.length;i++)s=a[i],e.source===s.contentWindow&&(s.removeAttribute(\"style\"),\"height\"===t.message?(1e3<(r=parseInt(t.value,10))?r=1e3:~~r<200&&(r=200),s.height=r):\"link\"===t.message&&(r=new URL(s.getAttribute(\"src\")),n=new URL(t.value),c.test(n.protocol))&&n.host===r.host&&l.activeElement===s&&(d.top.location.href=t.value))}},d.addEventListener(\"message\",d.wp.receiveEmbedMessage,!1),l.addEventListener(\"DOMContentLoaded\",function(){for(var e,t,s=l.querySelectorAll(\"iframe.wp-embedded-content\"),r=0;r<s.length;r++)(t=(e=s[r]).getAttribute(\"data-secret\"))||(t=Math.random().toString(36).substring(2,12),e.src+=\"#?secret=\"+t,e.setAttribute(\"data-secret\",t)),e.contentWindow.postMessage({message:\"ready\",secret:t},\"*\")},!1)))}(window,document);\n\/\/# sourceURL=https:\/\/lietuve.lt\/wp-includes\/js\/wp-embed.min.js\n\/* ]]> *\/\n<\/script>\n","description":"Devyni lietuvi\u0173 liaudies \u0161oki\u0173 kolektyvai, ansambliai ir chorai i\u0161 Lietuvos dalyvavo rugpj\u016b\u010dio 5\u20139 d. \u0160vedijoje vykstan\u010diame festivalyje \u201eEuropeade\u201c. Tai did\u017eiausias kasmet rengiamas tarptautinis liaudies kult\u016bros festivalis Europoje. \u0160i\u0173 met\u0173 festivalyje dalyvavo 249 kolektyvai i\u0161 \u012fvairi\u0173 Europos \u0161ali\u0173. Festivalio program\u0105 ir lietuvi\u0173 kolektyv\u0173 pasirodymus steb\u0117jo gausiai susirinkusi \u0160vedijos lietuvi\u0173 bendruomen\u0117, \u0161vent\u0117s dalyvius i\u0161 Lietuvos pasveikino Lietuvos"}