{"version":"1.0","provider_name":"\u017durnalas Lietuv\u0117","provider_url":"https:\/\/lietuve.lt","title":"Televizijos \u017evaig\u017ed\u0117s savo laid\u0173 \u012fvaizd\u012f apnuogino prie\u0161 objektyv\u0105 - \u017durnalas Lietuv\u0117","type":"rich","width":600,"height":338,"html":"<blockquote class=\"wp-embedded-content\" data-secret=\"incV3qLQLd\"><a href=\"https:\/\/lietuve.lt\/televizijos-zvaigzdes-savo-laidu-ivaizdi-apnuogino-pries-objektyva\/\">Televizijos \u017evaig\u017ed\u0117s savo laid\u0173 \u012fvaizd\u012f apnuogino prie\u0161 objektyv\u0105<\/a><\/blockquote><iframe sandbox=\"allow-scripts\" security=\"restricted\" src=\"https:\/\/lietuve.lt\/televizijos-zvaigzdes-savo-laidu-ivaizdi-apnuogino-pries-objektyva\/embed\/#?secret=incV3qLQLd\" width=\"600\" height=\"338\" title=\"&#8220;Televizijos \u017evaig\u017ed\u0117s savo laid\u0173 \u012fvaizd\u012f apnuogino prie\u0161 objektyv\u0105&#8221; &#8212; \u017durnalas Lietuv\u0117\" data-secret=\"incV3qLQLd\" frameborder=\"0\" marginwidth=\"0\" marginheight=\"0\" scrolling=\"no\" class=\"wp-embedded-content\"><\/iframe><script type=\"text\/javascript\">\n\/* <![CDATA[ *\/\n\/*! This file is auto-generated *\/\n!function(d,l){\"use strict\";l.querySelector&&d.addEventListener&&\"undefined\"!=typeof URL&&(d.wp=d.wp||{},d.wp.receiveEmbedMessage||(d.wp.receiveEmbedMessage=function(e){var t=e.data;if((t||t.secret||t.message||t.value)&&!\/[^a-zA-Z0-9]\/.test(t.secret)){for(var s,r,n,a=l.querySelectorAll('iframe[data-secret=\"'+t.secret+'\"]'),o=l.querySelectorAll('blockquote[data-secret=\"'+t.secret+'\"]'),c=new RegExp(\"^https?:$\",\"i\"),i=0;i<o.length;i++)o[i].style.display=\"none\";for(i=0;i<a.length;i++)s=a[i],e.source===s.contentWindow&&(s.removeAttribute(\"style\"),\"height\"===t.message?(1e3<(r=parseInt(t.value,10))?r=1e3:~~r<200&&(r=200),s.height=r):\"link\"===t.message&&(r=new URL(s.getAttribute(\"src\")),n=new URL(t.value),c.test(n.protocol))&&n.host===r.host&&l.activeElement===s&&(d.top.location.href=t.value))}},d.addEventListener(\"message\",d.wp.receiveEmbedMessage,!1),l.addEventListener(\"DOMContentLoaded\",function(){for(var e,t,s=l.querySelectorAll(\"iframe.wp-embedded-content\"),r=0;r<s.length;r++)(t=(e=s[r]).getAttribute(\"data-secret\"))||(t=Math.random().toString(36).substring(2,12),e.src+=\"#?secret=\"+t,e.setAttribute(\"data-secret\",t)),e.contentWindow.postMessage({message:\"ready\",secret:t},\"*\")},!1)))}(window,document);\n\/\/# sourceURL=https:\/\/lietuve.lt\/wp-includes\/js\/wp-embed.min.js\n\/* ]]> *\/\n<\/script>\n","description":"Jau \u0161\u012f pirmadien\u012f, spalio 7-\u0105j\u0105, \u201eLietuvos ryto\u201c televizijos eteryje startuoja naujas, kitokios ir kokybi\u0161kos televizijos sezonas. Penkt\u0105j\u012f, jubiliejin\u012f, sezon\u0105 televizija pasitinka gerokai atnaujinusi tinklel\u012f ir sub\u016brusi daugyb\u0119 \u017ei\u016brovams gerai pa\u017e\u012fstam\u0173 eterio veid\u0173. Vien\u0105 spalio dien\u0105 Renata Mikailionyt\u0117, Edita U\u017eait\u0117, R\u016bta Janutien\u0117, Au\u0161ra Kilkuvien\u0117, Tim\u016bras Augucevi\u010dius ir kiti televizijos laid\u0173 ved\u0117jai rinkosi \u012f \u201ePIX Studij\u0105\u201c pozuoti","thumbnail_url":"https:\/\/lietuve.lt\/wp-content\/uploads\/2013\/10\/LR_TV_Ivaizdine_6-150x150.jpg"}