{"version":"1.0","provider_name":"\u017durnalas Lietuv\u0117","provider_url":"https:\/\/lietuve.lt","title":"Tel\u0161i\u0173 miesto vardas skamb\u0117jo Europos Parlamente Briuselyje - \u017durnalas Lietuv\u0117","type":"rich","width":600,"height":338,"html":"<blockquote class=\"wp-embedded-content\" data-secret=\"ddfH4ujPFX\"><a href=\"https:\/\/lietuve.lt\/telsiu-miesto-vardas-skambejo-europos-parlamente-briuselyje\/\">Tel\u0161i\u0173 miesto vardas skamb\u0117jo Europos Parlamente Briuselyje<\/a><\/blockquote><iframe sandbox=\"allow-scripts\" security=\"restricted\" src=\"https:\/\/lietuve.lt\/telsiu-miesto-vardas-skambejo-europos-parlamente-briuselyje\/embed\/#?secret=ddfH4ujPFX\" width=\"600\" height=\"338\" title=\"&#8220;Tel\u0161i\u0173 miesto vardas skamb\u0117jo Europos Parlamente Briuselyje&#8221; &#8212; \u017durnalas Lietuv\u0117\" data-secret=\"ddfH4ujPFX\" frameborder=\"0\" marginwidth=\"0\" marginheight=\"0\" scrolling=\"no\" class=\"wp-embedded-content\"><\/iframe><script type=\"text\/javascript\">\n\/* <![CDATA[ *\/\n\/*! This file is auto-generated *\/\n!function(d,l){\"use strict\";l.querySelector&&d.addEventListener&&\"undefined\"!=typeof URL&&(d.wp=d.wp||{},d.wp.receiveEmbedMessage||(d.wp.receiveEmbedMessage=function(e){var t=e.data;if((t||t.secret||t.message||t.value)&&!\/[^a-zA-Z0-9]\/.test(t.secret)){for(var s,r,n,a=l.querySelectorAll('iframe[data-secret=\"'+t.secret+'\"]'),o=l.querySelectorAll('blockquote[data-secret=\"'+t.secret+'\"]'),c=new RegExp(\"^https?:$\",\"i\"),i=0;i<o.length;i++)o[i].style.display=\"none\";for(i=0;i<a.length;i++)s=a[i],e.source===s.contentWindow&&(s.removeAttribute(\"style\"),\"height\"===t.message?(1e3<(r=parseInt(t.value,10))?r=1e3:~~r<200&&(r=200),s.height=r):\"link\"===t.message&&(r=new URL(s.getAttribute(\"src\")),n=new URL(t.value),c.test(n.protocol))&&n.host===r.host&&l.activeElement===s&&(d.top.location.href=t.value))}},d.addEventListener(\"message\",d.wp.receiveEmbedMessage,!1),l.addEventListener(\"DOMContentLoaded\",function(){for(var e,t,s=l.querySelectorAll(\"iframe.wp-embedded-content\"),r=0;r<s.length;r++)(t=(e=s[r]).getAttribute(\"data-secret\"))||(t=Math.random().toString(36).substring(2,12),e.src+=\"#?secret=\"+t,e.setAttribute(\"data-secret\",t)),e.contentWindow.postMessage({message:\"ready\",secret:t},\"*\")},!1)))}(window,document);\n\/\/# sourceURL=https:\/\/lietuve.lt\/wp-includes\/js\/wp-embed.min.js\n\/* ]]> *\/\n<\/script>\n","description":"Spalio 15 d. Europos Parlamente atidaryta Tel\u0161i\u0173 rajono savivaldyb\u0117s ir Vilniaus dail\u0117s akademijos Tel\u0161i\u0173 fakulteto parengta paroda \u201eMeno \u017eenklai \u017demaitijos sostin\u0117je\u201c. Parod\u0105 atidar\u0117 jos iniciatorius Europos Parlamento narys Justas Vincas Paleckis ir Tel\u0161i\u0173 rajono savivaldyb\u0117s meras Vytautas Kleiva. Atidaryme taip pat dalyvavo Europos Parlamento Socialist\u0173 ir demokrat\u0173 frakcijos pirmininkas Hanes Svoboda, Europos Parlamento nariai i\u0161"}