{"version":"1.0","provider_name":"\u017durnalas Lietuv\u0117","provider_url":"https:\/\/lietuve.lt","title":"Tel\u0161iuose \u2013 nacionalinio konkurso \u201eGeras dizainas\u201c darb\u0173 paroda - \u017durnalas Lietuv\u0117","type":"rich","width":600,"height":338,"html":"<blockquote class=\"wp-embedded-content\" data-secret=\"eme90rIpDZ\"><a href=\"https:\/\/lietuve.lt\/telsiuose-nacionalinio-konkurso-geras-dizainas-darbu-paroda\/\">Tel\u0161iuose \u2013 nacionalinio konkurso \u201eGeras dizainas\u201c darb\u0173 paroda<\/a><\/blockquote><iframe sandbox=\"allow-scripts\" security=\"restricted\" src=\"https:\/\/lietuve.lt\/telsiuose-nacionalinio-konkurso-geras-dizainas-darbu-paroda\/embed\/#?secret=eme90rIpDZ\" width=\"600\" height=\"338\" title=\"&#8220;Tel\u0161iuose \u2013 nacionalinio konkurso \u201eGeras dizainas\u201c darb\u0173 paroda&#8221; &#8212; \u017durnalas Lietuv\u0117\" data-secret=\"eme90rIpDZ\" frameborder=\"0\" marginwidth=\"0\" marginheight=\"0\" scrolling=\"no\" class=\"wp-embedded-content\"><\/iframe><script type=\"text\/javascript\">\n\/* <![CDATA[ *\/\n\/*! This file is auto-generated *\/\n!function(d,l){\"use strict\";l.querySelector&&d.addEventListener&&\"undefined\"!=typeof URL&&(d.wp=d.wp||{},d.wp.receiveEmbedMessage||(d.wp.receiveEmbedMessage=function(e){var t=e.data;if((t||t.secret||t.message||t.value)&&!\/[^a-zA-Z0-9]\/.test(t.secret)){for(var s,r,n,a=l.querySelectorAll('iframe[data-secret=\"'+t.secret+'\"]'),o=l.querySelectorAll('blockquote[data-secret=\"'+t.secret+'\"]'),c=new RegExp(\"^https?:$\",\"i\"),i=0;i<o.length;i++)o[i].style.display=\"none\";for(i=0;i<a.length;i++)s=a[i],e.source===s.contentWindow&&(s.removeAttribute(\"style\"),\"height\"===t.message?(1e3<(r=parseInt(t.value,10))?r=1e3:~~r<200&&(r=200),s.height=r):\"link\"===t.message&&(r=new URL(s.getAttribute(\"src\")),n=new URL(t.value),c.test(n.protocol))&&n.host===r.host&&l.activeElement===s&&(d.top.location.href=t.value))}},d.addEventListener(\"message\",d.wp.receiveEmbedMessage,!1),l.addEventListener(\"DOMContentLoaded\",function(){for(var e,t,s=l.querySelectorAll(\"iframe.wp-embedded-content\"),r=0;r<s.length;r++)(t=(e=s[r]).getAttribute(\"data-secret\"))||(t=Math.random().toString(36).substring(2,12),e.src+=\"#?secret=\"+t,e.setAttribute(\"data-secret\",t)),e.contentWindow.postMessage({message:\"ready\",secret:t},\"*\")},!1)))}(window,document);\n\/\/# sourceURL=https:\/\/lietuve.lt\/wp-includes\/js\/wp-embed.min.js\n\/* ]]> *\/\n<\/script>\n","description":"Tel\u0161iuose \u2013 2016 m. Lietuvos kult\u016bros sostin\u0117je \u2013 pristatyta k\u016brybi\u0161kumu, originalumu, unikalumu ir estetika alsuojanti paroda \u201eGeras dizainas 2016\u201c. Vilniaus dail\u0117s akademijos (VDA) Tel\u0161i\u0173 galerijoje eksponuojami geriausi\u0173 dizaineri\u0173 darbai i\u0161 visos Lietuvos. Lankytojai kvie\u010diami susipa\u017einti su naujausiomis lietuvi\u0161ko dizaino tendencijomis. \u201eGeras dizainas\u201c \u2013 tai nacionalinis konkursas, skirtas atrasti ir i\u0161ry\u0161kinti geriausiems Lietuvos dizaineri\u0173 darbams ir"}