{"version":"1.0","provider_name":"\u017durnalas Lietuv\u0117","provider_url":"https:\/\/lietuve.lt","title":"Tik\u0117jimo \u017eenklai fotografij\u0173 parodoje \u201e\u017demaitijos keliais, bekel\u0117m\u201c - \u017durnalas Lietuv\u0117","type":"rich","width":600,"height":338,"html":"<blockquote class=\"wp-embedded-content\" data-secret=\"wiPp0KK7mP\"><a href=\"https:\/\/lietuve.lt\/tikejimo-zenklai-fotografiju-parodoje-zemaitijos-keliais-bekelem\/\">Tik\u0117jimo \u017eenklai fotografij\u0173 parodoje \u201e\u017demaitijos keliais, bekel\u0117m\u201c<\/a><\/blockquote><iframe sandbox=\"allow-scripts\" security=\"restricted\" src=\"https:\/\/lietuve.lt\/tikejimo-zenklai-fotografiju-parodoje-zemaitijos-keliais-bekelem\/embed\/#?secret=wiPp0KK7mP\" width=\"600\" height=\"338\" title=\"&#8220;Tik\u0117jimo \u017eenklai fotografij\u0173 parodoje \u201e\u017demaitijos keliais, bekel\u0117m\u201c&#8221; &#8212; \u017durnalas Lietuv\u0117\" data-secret=\"wiPp0KK7mP\" frameborder=\"0\" marginwidth=\"0\" marginheight=\"0\" scrolling=\"no\" class=\"wp-embedded-content\"><\/iframe><script type=\"text\/javascript\">\n\/* <![CDATA[ *\/\n\/*! This file is auto-generated *\/\n!function(d,l){\"use strict\";l.querySelector&&d.addEventListener&&\"undefined\"!=typeof URL&&(d.wp=d.wp||{},d.wp.receiveEmbedMessage||(d.wp.receiveEmbedMessage=function(e){var t=e.data;if((t||t.secret||t.message||t.value)&&!\/[^a-zA-Z0-9]\/.test(t.secret)){for(var s,r,n,a=l.querySelectorAll('iframe[data-secret=\"'+t.secret+'\"]'),o=l.querySelectorAll('blockquote[data-secret=\"'+t.secret+'\"]'),c=new RegExp(\"^https?:$\",\"i\"),i=0;i<o.length;i++)o[i].style.display=\"none\";for(i=0;i<a.length;i++)s=a[i],e.source===s.contentWindow&&(s.removeAttribute(\"style\"),\"height\"===t.message?(1e3<(r=parseInt(t.value,10))?r=1e3:~~r<200&&(r=200),s.height=r):\"link\"===t.message&&(r=new URL(s.getAttribute(\"src\")),n=new URL(t.value),c.test(n.protocol))&&n.host===r.host&&l.activeElement===s&&(d.top.location.href=t.value))}},d.addEventListener(\"message\",d.wp.receiveEmbedMessage,!1),l.addEventListener(\"DOMContentLoaded\",function(){for(var e,t,s=l.querySelectorAll(\"iframe.wp-embedded-content\"),r=0;r<s.length;r++)(t=(e=s[r]).getAttribute(\"data-secret\"))||(t=Math.random().toString(36).substring(2,12),e.src+=\"#?secret=\"+t,e.setAttribute(\"data-secret\",t)),e.contentWindow.postMessage({message:\"ready\",secret:t},\"*\")},!1)))}(window,document);\n\/\/# sourceURL=https:\/\/lietuve.lt\/wp-includes\/js\/wp-embed.min.js\n\/* ]]> *\/\n<\/script>\n","description":"2015 m. spalio 22 d. 16 val. Lietuvos moksl\u0173 akademijos Vrublevski\u0173 bibliotekoje atidaroma dailinink\u0117s Giedr\u0117s Masiulyt\u0117s-Burbien\u0117s fotografij\u0173 paroda \u201e\u017demaitijos keliais, bekel\u0117m\u201c. Paroda skirta Etnografini\u0173 region\u0173 metams. Eksponuojamose nuotraukose sakralin\u0117s ma\u017eosios architekt\u016bros gro\u017eis atsiveria ne tik kaip ry\u0161kus \u017demaitijos kra\u0161tovaizd\u017eio elementas, bet ir kaip gyvo tik\u0117jimo liudininkas. Rengin\u012f ves LMA Vrublevski\u0173 bibliotekos direktoriaus pavaduotoja dr. Rima","thumbnail_url":"http:\/\/lietuve.lt\/wp-content\/uploads\/2015\/10\/2151.jpg"}