{"version":"1.0","provider_name":"\u017durnalas Lietuv\u0117","provider_url":"https:\/\/lietuve.lt","title":"Tinklara\u0161tinink\u0173 susitikimas Vilniaus savivaldyb\u0117je - \u017durnalas Lietuv\u0117","type":"rich","width":600,"height":338,"html":"<blockquote class=\"wp-embedded-content\" data-secret=\"SAzCA8V957\"><a href=\"https:\/\/lietuve.lt\/tinklarastininku-susitikimas-vilniaus-savivaldybeje\/\">Tinklara\u0161tinink\u0173 susitikimas Vilniaus savivaldyb\u0117je<\/a><\/blockquote><iframe sandbox=\"allow-scripts\" security=\"restricted\" src=\"https:\/\/lietuve.lt\/tinklarastininku-susitikimas-vilniaus-savivaldybeje\/embed\/#?secret=SAzCA8V957\" width=\"600\" height=\"338\" title=\"&#8220;Tinklara\u0161tinink\u0173 susitikimas Vilniaus savivaldyb\u0117je&#8221; &#8212; \u017durnalas Lietuv\u0117\" data-secret=\"SAzCA8V957\" frameborder=\"0\" marginwidth=\"0\" marginheight=\"0\" scrolling=\"no\" class=\"wp-embedded-content\"><\/iframe><script type=\"text\/javascript\">\n\/* <![CDATA[ *\/\n\/*! This file is auto-generated *\/\n!function(d,l){\"use strict\";l.querySelector&&d.addEventListener&&\"undefined\"!=typeof URL&&(d.wp=d.wp||{},d.wp.receiveEmbedMessage||(d.wp.receiveEmbedMessage=function(e){var t=e.data;if((t||t.secret||t.message||t.value)&&!\/[^a-zA-Z0-9]\/.test(t.secret)){for(var s,r,n,a=l.querySelectorAll('iframe[data-secret=\"'+t.secret+'\"]'),o=l.querySelectorAll('blockquote[data-secret=\"'+t.secret+'\"]'),c=new RegExp(\"^https?:$\",\"i\"),i=0;i<o.length;i++)o[i].style.display=\"none\";for(i=0;i<a.length;i++)s=a[i],e.source===s.contentWindow&&(s.removeAttribute(\"style\"),\"height\"===t.message?(1e3<(r=parseInt(t.value,10))?r=1e3:~~r<200&&(r=200),s.height=r):\"link\"===t.message&&(r=new URL(s.getAttribute(\"src\")),n=new URL(t.value),c.test(n.protocol))&&n.host===r.host&&l.activeElement===s&&(d.top.location.href=t.value))}},d.addEventListener(\"message\",d.wp.receiveEmbedMessage,!1),l.addEventListener(\"DOMContentLoaded\",function(){for(var e,t,s=l.querySelectorAll(\"iframe.wp-embedded-content\"),r=0;r<s.length;r++)(t=(e=s[r]).getAttribute(\"data-secret\"))||(t=Math.random().toString(36).substring(2,12),e.src+=\"#?secret=\"+t,e.setAttribute(\"data-secret\",t)),e.contentWindow.postMessage({message:\"ready\",secret:t},\"*\")},!1)))}(window,document);\n\/\/# sourceURL=https:\/\/lietuve.lt\/wp-includes\/js\/wp-embed.min.js\n\/* ]]> *\/\n<\/script>\n","description":"Pasibaigus tinklara\u0161\u010di\u0173 savireklamos savaitei, tinklara\u0161t\u012f \u201eNeBlogas laisviems ir atsakingiems \u017emon\u0117ms\u201c ra\u0161antis Vilniaus meras Remigijus \u0160ima\u0161ius savivaldyb\u0117je susitiko su ra\u0161an\u010diais kolegomis. Savireklamos savait\u0117 \u2013 tinklara\u0161tinink\u0173 iniciatyva, skirta populiarinti tinklara\u0161\u010diams, pagyvinti juos ra\u0161an\u010di\u0173j\u0173 tarpusavio ry\u0161iams, prapl\u0117sti akira\u010diui: kolegos tinklara\u0161tininkai vis\u0105 savait\u0119, papildydami vieni kitus, reklamavo savo dvylikos skaitomiausi\u0173 tinklara\u0161\u010di\u0173 s\u0105ra\u0161us. \u201eSusipa\u017einome ir gerai leidome laik\u0105. Tinklara\u0161tininkai, skaitytojai,"}