{"version":"1.0","provider_name":"\u017durnalas Lietuv\u0117","provider_url":"https:\/\/lietuve.lt","title":"Tremtini\u0173 ir Lietuvos laisv\u0117s kovotoj\u0173 atminimo pagerbimas Ignalinoje - \u017durnalas Lietuv\u0117","type":"rich","width":600,"height":338,"html":"<blockquote class=\"wp-embedded-content\" data-secret=\"PKoHcrIegB\"><a href=\"https:\/\/lietuve.lt\/tremtiniu-ir-lietuvos-laisves-kovotoju-atminimo-pagerbimas-ignalinoje\/\">Tremtini\u0173 ir Lietuvos laisv\u0117s kovotoj\u0173 atminimo pagerbimas Ignalinoje<\/a><\/blockquote><iframe sandbox=\"allow-scripts\" security=\"restricted\" src=\"https:\/\/lietuve.lt\/tremtiniu-ir-lietuvos-laisves-kovotoju-atminimo-pagerbimas-ignalinoje\/embed\/#?secret=PKoHcrIegB\" width=\"600\" height=\"338\" title=\"&#8220;Tremtini\u0173 ir Lietuvos laisv\u0117s kovotoj\u0173 atminimo pagerbimas Ignalinoje&#8221; &#8212; \u017durnalas Lietuv\u0117\" data-secret=\"PKoHcrIegB\" frameborder=\"0\" marginwidth=\"0\" marginheight=\"0\" scrolling=\"no\" class=\"wp-embedded-content\"><\/iframe><script type=\"text\/javascript\">\n\/* <![CDATA[ *\/\n\/*! This file is auto-generated *\/\n!function(d,l){\"use strict\";l.querySelector&&d.addEventListener&&\"undefined\"!=typeof URL&&(d.wp=d.wp||{},d.wp.receiveEmbedMessage||(d.wp.receiveEmbedMessage=function(e){var t=e.data;if((t||t.secret||t.message||t.value)&&!\/[^a-zA-Z0-9]\/.test(t.secret)){for(var s,r,n,a=l.querySelectorAll('iframe[data-secret=\"'+t.secret+'\"]'),o=l.querySelectorAll('blockquote[data-secret=\"'+t.secret+'\"]'),c=new RegExp(\"^https?:$\",\"i\"),i=0;i<o.length;i++)o[i].style.display=\"none\";for(i=0;i<a.length;i++)s=a[i],e.source===s.contentWindow&&(s.removeAttribute(\"style\"),\"height\"===t.message?(1e3<(r=parseInt(t.value,10))?r=1e3:~~r<200&&(r=200),s.height=r):\"link\"===t.message&&(r=new URL(s.getAttribute(\"src\")),n=new URL(t.value),c.test(n.protocol))&&n.host===r.host&&l.activeElement===s&&(d.top.location.href=t.value))}},d.addEventListener(\"message\",d.wp.receiveEmbedMessage,!1),l.addEventListener(\"DOMContentLoaded\",function(){for(var e,t,s=l.querySelectorAll(\"iframe.wp-embedded-content\"),r=0;r<s.length;r++)(t=(e=s[r]).getAttribute(\"data-secret\"))||(t=Math.random().toString(36).substring(2,12),e.src+=\"#?secret=\"+t,e.setAttribute(\"data-secret\",t)),e.contentWindow.postMessage({message:\"ready\",secret:t},\"*\")},!1)))}(window,document);\n\/\/# sourceURL=https:\/\/lietuve.lt\/wp-includes\/js\/wp-embed.min.js\n\/* ]]> *\/\n<\/script>\n","description":"Prie\u0161 75 metus, 1941-\u0173j\u0173 bir\u017eelio 14-\u0105j\u0105, 3 val. ryto prad\u0117ti masiniai Lietuvos gyventoj\u0173 tr\u0117mimai \u012f atokiausius Sibiro regionus. Okupacijos metais Lietuva neteko tre\u010ddalio gyventoj\u0173. Prisimindami \u0161i\u0105 m\u016bs\u0173 tautai tragi\u0161k\u0105 sukakt\u012f, Lietuvos miestuose ir miesteliuose prie paminkl\u0173 bei memorial\u0173 tremtiniams, laisv\u0117s kovotojams ir gele\u017einkelio stotyse \u017emon\u0117s susib\u016br\u0117 atmintinos dienos i\u0161vakar\u0117se ir dalyvavo atminimo akcijoje. Lygiai 20"}