{"version":"1.0","provider_name":"\u017durnalas Lietuv\u0117","provider_url":"https:\/\/lietuve.lt","title":"Tyrimas: karo sukelta \u012ftampa sl\u016bgsta, ta\u010diau i\u0161lieka pavojingai didel\u0117 - \u017durnalas Lietuv\u0117","type":"rich","width":600,"height":338,"html":"<blockquote class=\"wp-embedded-content\" data-secret=\"3USbrMhVXu\"><a href=\"https:\/\/lietuve.lt\/tyrimas-karo-sukelta-itampa-slugsta-taciau-islieka-pavojingai-didele\/\">Tyrimas: karo sukelta \u012ftampa sl\u016bgsta, ta\u010diau i\u0161lieka pavojingai didel\u0117<\/a><\/blockquote><iframe sandbox=\"allow-scripts\" security=\"restricted\" src=\"https:\/\/lietuve.lt\/tyrimas-karo-sukelta-itampa-slugsta-taciau-islieka-pavojingai-didele\/embed\/#?secret=3USbrMhVXu\" width=\"600\" height=\"338\" title=\"&#8220;Tyrimas: karo sukelta \u012ftampa sl\u016bgsta, ta\u010diau i\u0161lieka pavojingai didel\u0117&#8221; &#8212; \u017durnalas Lietuv\u0117\" data-secret=\"3USbrMhVXu\" frameborder=\"0\" marginwidth=\"0\" marginheight=\"0\" scrolling=\"no\" class=\"wp-embedded-content\"><\/iframe><script type=\"text\/javascript\">\n\/* <![CDATA[ *\/\n\/*! This file is auto-generated *\/\n!function(d,l){\"use strict\";l.querySelector&&d.addEventListener&&\"undefined\"!=typeof URL&&(d.wp=d.wp||{},d.wp.receiveEmbedMessage||(d.wp.receiveEmbedMessage=function(e){var t=e.data;if((t||t.secret||t.message||t.value)&&!\/[^a-zA-Z0-9]\/.test(t.secret)){for(var s,r,n,a=l.querySelectorAll('iframe[data-secret=\"'+t.secret+'\"]'),o=l.querySelectorAll('blockquote[data-secret=\"'+t.secret+'\"]'),c=new RegExp(\"^https?:$\",\"i\"),i=0;i<o.length;i++)o[i].style.display=\"none\";for(i=0;i<a.length;i++)s=a[i],e.source===s.contentWindow&&(s.removeAttribute(\"style\"),\"height\"===t.message?(1e3<(r=parseInt(t.value,10))?r=1e3:~~r<200&&(r=200),s.height=r):\"link\"===t.message&&(r=new URL(s.getAttribute(\"src\")),n=new URL(t.value),c.test(n.protocol))&&n.host===r.host&&l.activeElement===s&&(d.top.location.href=t.value))}},d.addEventListener(\"message\",d.wp.receiveEmbedMessage,!1),l.addEventListener(\"DOMContentLoaded\",function(){for(var e,t,s=l.querySelectorAll(\"iframe.wp-embedded-content\"),r=0;r<s.length;r++)(t=(e=s[r]).getAttribute(\"data-secret\"))||(t=Math.random().toString(36).substring(2,12),e.src+=\"#?secret=\"+t,e.setAttribute(\"data-secret\",t)),e.contentWindow.postMessage({message:\"ready\",secret:t},\"*\")},!1)))}(window,document);\n\/\/# sourceURL=https:\/\/lietuve.lt\/wp-includes\/js\/wp-embed.min.js\n\/* ]]> *\/\n<\/script>\n","thumbnail_url":"https:\/\/lietuve.lt\/wp-content\/uploads\/2022\/11\/stresas-scaled.jpg","thumbnail_width":1024,"thumbnail_height":674,"description":"Absoliuti dauguma, 79 proc., Lietuvos gyventoj\u0173 jau\u010dia padid\u0117jusi\u0105 \u012ftamp\u0105, nerim\u0105 ar stres\u0105. Tiesa, tai \u0161iek tiek suma\u017e\u0117jo, lyginant su situacija pavasar\u012f, kai, Rusijai u\u017epuolus Ukrain\u0105, net 87 proc. m\u016bs\u0173 visuomen\u0117s patyr\u0117 emocin\u012f \u0161ok\u0105. Jau\u010diantys \u017eenkliai i\u0161augus\u012f nerim\u0105, \u012ftamp\u0105, stres\u0105 spalio m\u0117nes\u012f nurod\u0117 29 proc. respondent\u0173, kov\u0105 \u0161is rodiklis buvo kiek auk\u0161tesnis \u2013 33 proc. Taip"}