{"version":"1.0","provider_name":"\u017durnalas Lietuv\u0117","provider_url":"https:\/\/lietuve.lt","title":"U\u017epalie\u010diai min\u0117jo Lietuvos \u012fstojimo \u012f NATO dien\u0105 - \u017durnalas Lietuv\u0117","type":"rich","width":600,"height":338,"html":"<blockquote class=\"wp-embedded-content\" data-secret=\"QDQ0IGKzKF\"><a href=\"https:\/\/lietuve.lt\/uzpalieciai-minejo-lietuvos-istojimo-i-nato-diena\/\">U\u017epalie\u010diai min\u0117jo Lietuvos \u012fstojimo \u012f NATO dien\u0105<\/a><\/blockquote><iframe sandbox=\"allow-scripts\" security=\"restricted\" src=\"https:\/\/lietuve.lt\/uzpalieciai-minejo-lietuvos-istojimo-i-nato-diena\/embed\/#?secret=QDQ0IGKzKF\" width=\"600\" height=\"338\" title=\"&#8220;U\u017epalie\u010diai min\u0117jo Lietuvos \u012fstojimo \u012f NATO dien\u0105&#8221; &#8212; \u017durnalas Lietuv\u0117\" data-secret=\"QDQ0IGKzKF\" frameborder=\"0\" marginwidth=\"0\" marginheight=\"0\" scrolling=\"no\" class=\"wp-embedded-content\"><\/iframe><script type=\"text\/javascript\">\n\/* <![CDATA[ *\/\n\/*! This file is auto-generated *\/\n!function(d,l){\"use strict\";l.querySelector&&d.addEventListener&&\"undefined\"!=typeof URL&&(d.wp=d.wp||{},d.wp.receiveEmbedMessage||(d.wp.receiveEmbedMessage=function(e){var t=e.data;if((t||t.secret||t.message||t.value)&&!\/[^a-zA-Z0-9]\/.test(t.secret)){for(var s,r,n,a=l.querySelectorAll('iframe[data-secret=\"'+t.secret+'\"]'),o=l.querySelectorAll('blockquote[data-secret=\"'+t.secret+'\"]'),c=new RegExp(\"^https?:$\",\"i\"),i=0;i<o.length;i++)o[i].style.display=\"none\";for(i=0;i<a.length;i++)s=a[i],e.source===s.contentWindow&&(s.removeAttribute(\"style\"),\"height\"===t.message?(1e3<(r=parseInt(t.value,10))?r=1e3:~~r<200&&(r=200),s.height=r):\"link\"===t.message&&(r=new URL(s.getAttribute(\"src\")),n=new URL(t.value),c.test(n.protocol))&&n.host===r.host&&l.activeElement===s&&(d.top.location.href=t.value))}},d.addEventListener(\"message\",d.wp.receiveEmbedMessage,!1),l.addEventListener(\"DOMContentLoaded\",function(){for(var e,t,s=l.querySelectorAll(\"iframe.wp-embedded-content\"),r=0;r<s.length;r++)(t=(e=s[r]).getAttribute(\"data-secret\"))||(t=Math.random().toString(36).substring(2,12),e.src+=\"#?secret=\"+t,e.setAttribute(\"data-secret\",t)),e.contentWindow.postMessage({message:\"ready\",secret:t},\"*\")},!1)))}(window,document);\n\/\/# sourceURL=https:\/\/lietuve.lt\/wp-includes\/js\/wp-embed.min.js\n\/* ]]> *\/\n<\/script>\n","thumbnail_url":"https:\/\/lietuve.lt\/wp-content\/uploads\/2017\/04\/Renginio-sve\u010diai-kpt.-lnt.-A.-Guralis-ir-ser\u017e.-R.-Pilipavi\u010dius-U\u017epaliuose.jpg","thumbnail_width":1024,"thumbnail_height":683,"description":"Visais \u017emonijos egzistavimo laikme\u010diais \u017emogus susij\u0119s su istorija. Net ir teigiantys, kad nesidomi praeitimi, atsid\u016br\u0119 tam tikrose situacijose i\u0161sako mintis, bylojan\u010dias istori\u0161kum\u0105. Tapatindami save su nugyventu laikme\u010diu mes jau kalbame apie istorij\u0105, prisipa\u017eindami esantys jos dalimi. Lietuvio dvasi\u0105 pakyl\u0117ja, kai prakalbama apie valstyb\u0117s teritorijas nuo Baltijos iki Juodosios j\u016bros. Did\u017eiuojam\u0117s, kad popie\u017eiaus bule pripa\u017einus Lietuvos"}