{"version":"1.0","provider_name":"\u017durnalas Lietuv\u0117","provider_url":"https:\/\/lietuve.lt","title":"V. Kochanskyt\u0117: \u201eM\u016bs\u0173 vaikai auga kaip tikri kunigaik\u0161tukai\u201c  - \u017durnalas Lietuv\u0117","type":"rich","width":600,"height":338,"html":"<blockquote class=\"wp-embedded-content\" data-secret=\"vWaAgdtOPj\"><a href=\"https:\/\/lietuve.lt\/v-kochanskyte-musu-vaikai-auga-kaip-tikri-kunigaikstukai\/\">V. Kochanskyt\u0117: \u201eM\u016bs\u0173 vaikai auga kaip tikri kunigaik\u0161tukai\u201c<\/a><\/blockquote><iframe sandbox=\"allow-scripts\" security=\"restricted\" src=\"https:\/\/lietuve.lt\/v-kochanskyte-musu-vaikai-auga-kaip-tikri-kunigaikstukai\/embed\/#?secret=vWaAgdtOPj\" width=\"600\" height=\"338\" title=\"&#8220;V. Kochanskyt\u0117: \u201eM\u016bs\u0173 vaikai auga kaip tikri kunigaik\u0161tukai\u201c&#8221; &#8212; \u017durnalas Lietuv\u0117\" data-secret=\"vWaAgdtOPj\" frameborder=\"0\" marginwidth=\"0\" marginheight=\"0\" scrolling=\"no\" class=\"wp-embedded-content\"><\/iframe><script type=\"text\/javascript\">\n\/* <![CDATA[ *\/\n\/*! This file is auto-generated *\/\n!function(d,l){\"use strict\";l.querySelector&&d.addEventListener&&\"undefined\"!=typeof URL&&(d.wp=d.wp||{},d.wp.receiveEmbedMessage||(d.wp.receiveEmbedMessage=function(e){var t=e.data;if((t||t.secret||t.message||t.value)&&!\/[^a-zA-Z0-9]\/.test(t.secret)){for(var s,r,n,a=l.querySelectorAll('iframe[data-secret=\"'+t.secret+'\"]'),o=l.querySelectorAll('blockquote[data-secret=\"'+t.secret+'\"]'),c=new RegExp(\"^https?:$\",\"i\"),i=0;i<o.length;i++)o[i].style.display=\"none\";for(i=0;i<a.length;i++)s=a[i],e.source===s.contentWindow&&(s.removeAttribute(\"style\"),\"height\"===t.message?(1e3<(r=parseInt(t.value,10))?r=1e3:~~r<200&&(r=200),s.height=r):\"link\"===t.message&&(r=new URL(s.getAttribute(\"src\")),n=new URL(t.value),c.test(n.protocol))&&n.host===r.host&&l.activeElement===s&&(d.top.location.href=t.value))}},d.addEventListener(\"message\",d.wp.receiveEmbedMessage,!1),l.addEventListener(\"DOMContentLoaded\",function(){for(var e,t,s=l.querySelectorAll(\"iframe.wp-embedded-content\"),r=0;r<s.length;r++)(t=(e=s[r]).getAttribute(\"data-secret\"))||(t=Math.random().toString(36).substring(2,12),e.src+=\"#?secret=\"+t,e.setAttribute(\"data-secret\",t)),e.contentWindow.postMessage({message:\"ready\",secret:t},\"*\")},!1)))}(window,document);\n\/\/# sourceURL=https:\/\/lietuve.lt\/wp-includes\/js\/wp-embed.min.js\n\/* ]]> *\/\n<\/script>\n","description":"\u012e TV3 ir UNICEF jubiliejin\u0119 5-\u0105j\u0105 misij\u0105 tolimoje Afrikos valstyb\u0117je \u2013 Mozambike \u2013 i\u0161vyk\u0119 dainininkas Mer\u016bnas Vitulskis ir UNICEF Geros valios ambasador\u0117, aktor\u0117 Virginija Kochanskyt\u0117 lanko skurd\u017eiai gyvenan\u010dius Mozambiko vaikus bei \u0161eimas. Misijos dalyviai siun\u010dia dienora\u0161\u010dius i\u0161 antrosios dienos, praleistos Mozambiko Tete provincijoje. Keliavusi\u0173j\u0173 \u012fsp\u016bd\u017eius bus galima i\u0161vysti UNICEF laidoje \u201eU\u017e kiekvien\u0105 vaik\u0105\u201c, kuri\u0105 transliuos","thumbnail_url":"https:\/\/lietuve.lt\/wp-content\/uploads\/2015\/09\/TV3_UNICEF_5_misija_Virginija_Kochanskyte_2_dienorastis-150x150.jpg"}