{"version":"1.0","provider_name":"\u017durnalas Lietuv\u0117","provider_url":"https:\/\/lietuve.lt","title":"V. Zelenskis apdovanojo Lietuvos pirm\u0105j\u0105 poni\u0105 D. Naus\u0117dien\u0119 - \u017durnalas Lietuv\u0117","type":"rich","width":600,"height":338,"html":"<blockquote class=\"wp-embedded-content\" data-secret=\"1wK0d7cCLe\"><a href=\"https:\/\/lietuve.lt\/v-zelenskis-apdovanojo-lietuvos-pirmaja-ponia-d-nausediene\/\">V. Zelenskis apdovanojo Lietuvos pirm\u0105j\u0105 poni\u0105 D. Naus\u0117dien\u0119<\/a><\/blockquote><iframe sandbox=\"allow-scripts\" security=\"restricted\" src=\"https:\/\/lietuve.lt\/v-zelenskis-apdovanojo-lietuvos-pirmaja-ponia-d-nausediene\/embed\/#?secret=1wK0d7cCLe\" width=\"600\" height=\"338\" title=\"&#8220;V. Zelenskis apdovanojo Lietuvos pirm\u0105j\u0105 poni\u0105 D. Naus\u0117dien\u0119&#8221; &#8212; \u017durnalas Lietuv\u0117\" data-secret=\"1wK0d7cCLe\" frameborder=\"0\" marginwidth=\"0\" marginheight=\"0\" scrolling=\"no\" class=\"wp-embedded-content\"><\/iframe><script type=\"text\/javascript\">\n\/* <![CDATA[ *\/\n\/*! This file is auto-generated *\/\n!function(d,l){\"use strict\";l.querySelector&&d.addEventListener&&\"undefined\"!=typeof URL&&(d.wp=d.wp||{},d.wp.receiveEmbedMessage||(d.wp.receiveEmbedMessage=function(e){var t=e.data;if((t||t.secret||t.message||t.value)&&!\/[^a-zA-Z0-9]\/.test(t.secret)){for(var s,r,n,a=l.querySelectorAll('iframe[data-secret=\"'+t.secret+'\"]'),o=l.querySelectorAll('blockquote[data-secret=\"'+t.secret+'\"]'),c=new RegExp(\"^https?:$\",\"i\"),i=0;i<o.length;i++)o[i].style.display=\"none\";for(i=0;i<a.length;i++)s=a[i],e.source===s.contentWindow&&(s.removeAttribute(\"style\"),\"height\"===t.message?(1e3<(r=parseInt(t.value,10))?r=1e3:~~r<200&&(r=200),s.height=r):\"link\"===t.message&&(r=new URL(s.getAttribute(\"src\")),n=new URL(t.value),c.test(n.protocol))&&n.host===r.host&&l.activeElement===s&&(d.top.location.href=t.value))}},d.addEventListener(\"message\",d.wp.receiveEmbedMessage,!1),l.addEventListener(\"DOMContentLoaded\",function(){for(var e,t,s=l.querySelectorAll(\"iframe.wp-embedded-content\"),r=0;r<s.length;r++)(t=(e=s[r]).getAttribute(\"data-secret\"))||(t=Math.random().toString(36).substring(2,12),e.src+=\"#?secret=\"+t,e.setAttribute(\"data-secret\",t)),e.contentWindow.postMessage({message:\"ready\",secret:t},\"*\")},!1)))}(window,document);\n\/\/# sourceURL=https:\/\/lietuve.lt\/wp-includes\/js\/wp-embed.min.js\n\/* ]]> *\/\n<\/script>\n","thumbnail_url":"https:\/\/lietuve.lt\/wp-content\/uploads\/2023\/09\/1-min-9.jpg","thumbnail_width":1079,"thumbnail_height":720,"description":"Ukrainos Prezidentas Volodymyras Zelenskis valstybiniu Ukrainos apdovanojimu \u2013 I laipsnio Kunigaik\u0161tien\u0117s Olgos ordinu \u2013 u\u017e reik\u0161ming\u0105 asmenin\u012f ind\u0117l\u012f stiprinant tarptautin\u012f bendradarbiavim\u0105, u\u017e Ukrainos valstyb\u0117s suvereniteto ir teritorinio vientisumo palaikym\u0105, u\u017e Ukrainos valstyb\u0117s populiarinim\u0105 pasaulyje apdovanojo Lietuvos pirm\u0105j\u0105 poni\u0105 Dian\u0105 Naus\u0117dien\u0119. Prasid\u0117jus karui Ukrainoje Lietuvos Prezidento sutuoktin\u0117 \u0117m\u0117si lyderyst\u0117s telkiant pagalb\u0105 nuo karo Ukrainoje nukent\u0117jusiems \u017emon\u0117ms,"}