{"version":"1.0","provider_name":"\u017durnalas Lietuv\u0117","provider_url":"https:\/\/lietuve.lt","title":"Vakaro su Martynu Levickiu metu Alytuje i\u0161dalyti Met\u0173 apdovanojimai - \u017durnalas Lietuv\u0117","type":"rich","width":600,"height":338,"html":"<blockquote class=\"wp-embedded-content\" data-secret=\"vLZKcx7Mw7\"><a href=\"https:\/\/lietuve.lt\/vakaro-su-martynu-levickiu-metu-alytuje-isdalyti-metu-apdovanojimai\/\">Vakaro su Martynu Levickiu metu Alytuje i\u0161dalyti Met\u0173 apdovanojimai<\/a><\/blockquote><iframe sandbox=\"allow-scripts\" security=\"restricted\" src=\"https:\/\/lietuve.lt\/vakaro-su-martynu-levickiu-metu-alytuje-isdalyti-metu-apdovanojimai\/embed\/#?secret=vLZKcx7Mw7\" width=\"600\" height=\"338\" title=\"&#8220;Vakaro su Martynu Levickiu metu Alytuje i\u0161dalyti Met\u0173 apdovanojimai&#8221; &#8212; \u017durnalas Lietuv\u0117\" data-secret=\"vLZKcx7Mw7\" frameborder=\"0\" marginwidth=\"0\" marginheight=\"0\" scrolling=\"no\" class=\"wp-embedded-content\"><\/iframe><script type=\"text\/javascript\">\n\/* <![CDATA[ *\/\n\/*! This file is auto-generated *\/\n!function(d,l){\"use strict\";l.querySelector&&d.addEventListener&&\"undefined\"!=typeof URL&&(d.wp=d.wp||{},d.wp.receiveEmbedMessage||(d.wp.receiveEmbedMessage=function(e){var t=e.data;if((t||t.secret||t.message||t.value)&&!\/[^a-zA-Z0-9]\/.test(t.secret)){for(var s,r,n,a=l.querySelectorAll('iframe[data-secret=\"'+t.secret+'\"]'),o=l.querySelectorAll('blockquote[data-secret=\"'+t.secret+'\"]'),c=new RegExp(\"^https?:$\",\"i\"),i=0;i<o.length;i++)o[i].style.display=\"none\";for(i=0;i<a.length;i++)s=a[i],e.source===s.contentWindow&&(s.removeAttribute(\"style\"),\"height\"===t.message?(1e3<(r=parseInt(t.value,10))?r=1e3:~~r<200&&(r=200),s.height=r):\"link\"===t.message&&(r=new URL(s.getAttribute(\"src\")),n=new URL(t.value),c.test(n.protocol))&&n.host===r.host&&l.activeElement===s&&(d.top.location.href=t.value))}},d.addEventListener(\"message\",d.wp.receiveEmbedMessage,!1),l.addEventListener(\"DOMContentLoaded\",function(){for(var e,t,s=l.querySelectorAll(\"iframe.wp-embedded-content\"),r=0;r<s.length;r++)(t=(e=s[r]).getAttribute(\"data-secret\"))||(t=Math.random().toString(36).substring(2,12),e.src+=\"#?secret=\"+t,e.setAttribute(\"data-secret\",t)),e.contentWindow.postMessage({message:\"ready\",secret:t},\"*\")},!1)))}(window,document);\n\/\/# sourceURL=https:\/\/lietuve.lt\/wp-includes\/js\/wp-embed.min.js\n\/* ]]> *\/\n<\/script>\n","description":"Alytuje \u2013 i\u0161skirtinis vakaras. Po 7 met\u0173 pertraukos \u012f miest\u0105 sugr\u012f\u017eo Met\u0173 apdovanojimai, o i\u0161kilming\u0105 j\u0173 \u012fteikimo ceremonij\u0105 vainikavo akordeono virtuozo Martyno Levickio koncertas. Apdovanojim\u0173 renginys prasid\u0117jo Jurgio Kun\u010dino tekstu,\u00a0 Nojaus muzika ir \u201eLight art\u201c technologija nutapytais miesto vaizdais. \u010cia \u012fteikta per 20 apdovanojim\u0173 Alytui nusipelniusiems gyventojams bei \u012fmon\u0117ms, \u012fsp\u016bding\u0105 program\u0105 \u017ei\u016brovams pristat\u0117 \u0161oki\u0173 studija"}