{"version":"1.0","provider_name":"\u017durnalas Lietuv\u0117","provider_url":"https:\/\/lietuve.lt","title":"Var\u0117nos rajone nuskamb\u0117jo folkloro festivalis \u201eDz\u016bk\u0173 godos\u201c - \u017durnalas Lietuv\u0117","type":"rich","width":600,"height":338,"html":"<blockquote class=\"wp-embedded-content\" data-secret=\"KOApwHDmAn\"><a href=\"https:\/\/lietuve.lt\/varenos-rajone-nuskambejo-folkloro-festivalis-dzuku-godos\/\">Var\u0117nos rajone nuskamb\u0117jo folkloro festivalis \u201eDz\u016bk\u0173 godos\u201c<\/a><\/blockquote><iframe sandbox=\"allow-scripts\" security=\"restricted\" src=\"https:\/\/lietuve.lt\/varenos-rajone-nuskambejo-folkloro-festivalis-dzuku-godos\/embed\/#?secret=KOApwHDmAn\" width=\"600\" height=\"338\" title=\"&#8220;Var\u0117nos rajone nuskamb\u0117jo folkloro festivalis \u201eDz\u016bk\u0173 godos\u201c&#8221; &#8212; \u017durnalas Lietuv\u0117\" data-secret=\"KOApwHDmAn\" frameborder=\"0\" marginwidth=\"0\" marginheight=\"0\" scrolling=\"no\" class=\"wp-embedded-content\"><\/iframe><script type=\"text\/javascript\">\n\/* <![CDATA[ *\/\n\/*! This file is auto-generated *\/\n!function(d,l){\"use strict\";l.querySelector&&d.addEventListener&&\"undefined\"!=typeof URL&&(d.wp=d.wp||{},d.wp.receiveEmbedMessage||(d.wp.receiveEmbedMessage=function(e){var t=e.data;if((t||t.secret||t.message||t.value)&&!\/[^a-zA-Z0-9]\/.test(t.secret)){for(var s,r,n,a=l.querySelectorAll('iframe[data-secret=\"'+t.secret+'\"]'),o=l.querySelectorAll('blockquote[data-secret=\"'+t.secret+'\"]'),c=new RegExp(\"^https?:$\",\"i\"),i=0;i<o.length;i++)o[i].style.display=\"none\";for(i=0;i<a.length;i++)s=a[i],e.source===s.contentWindow&&(s.removeAttribute(\"style\"),\"height\"===t.message?(1e3<(r=parseInt(t.value,10))?r=1e3:~~r<200&&(r=200),s.height=r):\"link\"===t.message&&(r=new URL(s.getAttribute(\"src\")),n=new URL(t.value),c.test(n.protocol))&&n.host===r.host&&l.activeElement===s&&(d.top.location.href=t.value))}},d.addEventListener(\"message\",d.wp.receiveEmbedMessage,!1),l.addEventListener(\"DOMContentLoaded\",function(){for(var e,t,s=l.querySelectorAll(\"iframe.wp-embedded-content\"),r=0;r<s.length;r++)(t=(e=s[r]).getAttribute(\"data-secret\"))||(t=Math.random().toString(36).substring(2,12),e.src+=\"#?secret=\"+t,e.setAttribute(\"data-secret\",t)),e.contentWindow.postMessage({message:\"ready\",secret:t},\"*\")},!1)))}(window,document);\n\/\/# sourceURL=https:\/\/lietuve.lt\/wp-includes\/js\/wp-embed.min.js\n\/* ]]> *\/\n<\/script>\n","description":"Var\u0117nos rajone dvi dienas skambiai aid\u0117jo tradicinis, kas antrus metus vykstantis ir \u0161iemet Etnografini\u0173 region\u0173 metams skirtas folkloro festivalis \u201eDz\u016bk\u0173 godos\u201c. Festivalio metu vyko \u012fdomi konferencija \u201eDz\u016bkai ir j\u0173 artimiausi kaimynai\u201c, regionin\u0117s pasakotoj\u0173 var\u017eytuv\u0117s, nuotaikingas koncertas, kuriame dalyvavo, tarmi\u0161kai kalb\u0117jo ir dainavo atstovai i\u0161 vis\u0173 Lietuvos region\u0173. Festivalis prasid\u0117jo \u012fdomia konferencija \u201eDz\u016bkai ir j\u0173 artimiausi"}