{"version":"1.0","provider_name":"\u017durnalas Lietuv\u0117","provider_url":"https:\/\/lietuve.lt","title":"Vasar\u0105 pasitikime jubiliejin\u0117je Trak\u0173 miesto \u0161vent\u0117je - \u017durnalas Lietuv\u0117","type":"rich","width":600,"height":338,"html":"<blockquote class=\"wp-embedded-content\" data-secret=\"LR0pDp4rRy\"><a href=\"https:\/\/lietuve.lt\/vasara-pasitikime-jubiliejineje-traku-miesto-sventeje\/\">Vasar\u0105 pasitikime jubiliejin\u0117je Trak\u0173 miesto \u0161vent\u0117je<\/a><\/blockquote><iframe sandbox=\"allow-scripts\" security=\"restricted\" src=\"https:\/\/lietuve.lt\/vasara-pasitikime-jubiliejineje-traku-miesto-sventeje\/embed\/#?secret=LR0pDp4rRy\" width=\"600\" height=\"338\" title=\"&#8220;Vasar\u0105 pasitikime jubiliejin\u0117je Trak\u0173 miesto \u0161vent\u0117je&#8221; &#8212; \u017durnalas Lietuv\u0117\" data-secret=\"LR0pDp4rRy\" frameborder=\"0\" marginwidth=\"0\" marginheight=\"0\" scrolling=\"no\" class=\"wp-embedded-content\"><\/iframe><script type=\"text\/javascript\">\n\/* <![CDATA[ *\/\n\/*! This file is auto-generated *\/\n!function(d,l){\"use strict\";l.querySelector&&d.addEventListener&&\"undefined\"!=typeof URL&&(d.wp=d.wp||{},d.wp.receiveEmbedMessage||(d.wp.receiveEmbedMessage=function(e){var t=e.data;if((t||t.secret||t.message||t.value)&&!\/[^a-zA-Z0-9]\/.test(t.secret)){for(var s,r,n,a=l.querySelectorAll('iframe[data-secret=\"'+t.secret+'\"]'),o=l.querySelectorAll('blockquote[data-secret=\"'+t.secret+'\"]'),c=new RegExp(\"^https?:$\",\"i\"),i=0;i<o.length;i++)o[i].style.display=\"none\";for(i=0;i<a.length;i++)s=a[i],e.source===s.contentWindow&&(s.removeAttribute(\"style\"),\"height\"===t.message?(1e3<(r=parseInt(t.value,10))?r=1e3:~~r<200&&(r=200),s.height=r):\"link\"===t.message&&(r=new URL(s.getAttribute(\"src\")),n=new URL(t.value),c.test(n.protocol))&&n.host===r.host&&l.activeElement===s&&(d.top.location.href=t.value))}},d.addEventListener(\"message\",d.wp.receiveEmbedMessage,!1),l.addEventListener(\"DOMContentLoaded\",function(){for(var e,t,s=l.querySelectorAll(\"iframe.wp-embedded-content\"),r=0;r<s.length;r++)(t=(e=s[r]).getAttribute(\"data-secret\"))||(t=Math.random().toString(36).substring(2,12),e.src+=\"#?secret=\"+t,e.setAttribute(\"data-secret\",t)),e.contentWindow.postMessage({message:\"ready\",secret:t},\"*\")},!1)))}(window,document);\n\/\/# sourceURL=https:\/\/lietuve.lt\/wp-includes\/js\/wp-embed.min.js\n\/* ]]> *\/\n<\/script>\n","description":"Senoji sostin\u0117 Trakai, atgaivinta v\u0117j\u0173, u\u017elieta dangaus ir e\u017eer\u0173 m\u0117lio, su\u0161ildyta saul\u0117s, kvie\u010dia drauge sutikti vasar\u0105. Tris art\u0117jan\u010dio savaitgalio dienas miestas siaus i\u0161 \u016b\u0161, atlapodamas duris, langus ir \u0161irdis vasarai. Gegu\u017e\u0117s 29\u201331 dienomis vyksianti Trak\u0173 miesto \u0161vent\u0117 neeilin\u0117. Trij\u0173 dien\u0173 fiesta \u201eTrak\u0173 vasara\u201c mini 25 met\u0173 jubiliej\u0173. Joje dalyvaus ir nema\u017eai u\u017esienio \u0161ali\u0173, su kuri\u0173"}