{"version":"1.0","provider_name":"\u017durnalas Lietuv\u0117","provider_url":"https:\/\/lietuve.lt","title":"Vasaros kelion\u0117ms \u2013 karali\u0161kas mar\u0161rutas abipus Baltijos per 4 \u0161alis - \u017durnalas Lietuv\u0117","type":"rich","width":600,"height":338,"html":"<blockquote class=\"wp-embedded-content\" data-secret=\"GYQmtSpj75\"><a href=\"https:\/\/lietuve.lt\/vasaros-kelionems-karaliskas-marsrutas-abipus-baltijos-per-4-salis\/\">Vasaros kelion\u0117ms \u2013 karali\u0161kas mar\u0161rutas abipus Baltijos per 4 \u0161alis<\/a><\/blockquote><iframe sandbox=\"allow-scripts\" security=\"restricted\" src=\"https:\/\/lietuve.lt\/vasaros-kelionems-karaliskas-marsrutas-abipus-baltijos-per-4-salis\/embed\/#?secret=GYQmtSpj75\" width=\"600\" height=\"338\" title=\"&#8220;Vasaros kelion\u0117ms \u2013 karali\u0161kas mar\u0161rutas abipus Baltijos per 4 \u0161alis&#8221; &#8212; \u017durnalas Lietuv\u0117\" data-secret=\"GYQmtSpj75\" frameborder=\"0\" marginwidth=\"0\" marginheight=\"0\" scrolling=\"no\" class=\"wp-embedded-content\"><\/iframe><script type=\"text\/javascript\">\n\/* <![CDATA[ *\/\n\/*! This file is auto-generated *\/\n!function(d,l){\"use strict\";l.querySelector&&d.addEventListener&&\"undefined\"!=typeof URL&&(d.wp=d.wp||{},d.wp.receiveEmbedMessage||(d.wp.receiveEmbedMessage=function(e){var t=e.data;if((t||t.secret||t.message||t.value)&&!\/[^a-zA-Z0-9]\/.test(t.secret)){for(var s,r,n,a=l.querySelectorAll('iframe[data-secret=\"'+t.secret+'\"]'),o=l.querySelectorAll('blockquote[data-secret=\"'+t.secret+'\"]'),c=new RegExp(\"^https?:$\",\"i\"),i=0;i<o.length;i++)o[i].style.display=\"none\";for(i=0;i<a.length;i++)s=a[i],e.source===s.contentWindow&&(s.removeAttribute(\"style\"),\"height\"===t.message?(1e3<(r=parseInt(t.value,10))?r=1e3:~~r<200&&(r=200),s.height=r):\"link\"===t.message&&(r=new URL(s.getAttribute(\"src\")),n=new URL(t.value),c.test(n.protocol))&&n.host===r.host&&l.activeElement===s&&(d.top.location.href=t.value))}},d.addEventListener(\"message\",d.wp.receiveEmbedMessage,!1),l.addEventListener(\"DOMContentLoaded\",function(){for(var e,t,s=l.querySelectorAll(\"iframe.wp-embedded-content\"),r=0;r<s.length;r++)(t=(e=s[r]).getAttribute(\"data-secret\"))||(t=Math.random().toString(36).substring(2,12),e.src+=\"#?secret=\"+t,e.setAttribute(\"data-secret\",t)),e.contentWindow.postMessage({message:\"ready\",secret:t},\"*\")},!1)))}(window,document);\n\/\/# sourceURL=https:\/\/lietuve.lt\/wp-includes\/js\/wp-embed.min.js\n\/* ]]> *\/\n<\/script>\n","thumbnail_url":"https:\/\/lietuve.lt\/wp-content\/uploads\/2023\/07\/1-5-scaled.jpg","thumbnail_width":1024,"thumbnail_height":768,"description":"Liepos 6-\u0105j\u0105 \u0161v\u0119sime Mindaugo kar\u016bnavimo dien\u0105, o dar u\u017e vos keturi\u0173 dien\u0173 bus galima prisiminti ir kit\u0105 karali\u0161k\u0105 dat\u0105. 1569 m. liepos 10 d. \u0160vedijos karaliais buvo kar\u016bnuoti Jonas III Vaza ir Kotryna Jogailait\u0117, Lietuvos did\u017eiojo kunigaik\u0161\u010dio ir Lenkijos karaliaus \u017dygimanto Senojo dukra, \u017dygimanto Augusto sesuo ir Barboros Radvilait\u0117s mo\u0161a. Atidengti paslapties skraist\u0119 nuo i\u0161skirtinio"}