{"version":"1.0","provider_name":"\u017durnalas Lietuv\u0117","provider_url":"https:\/\/lietuve.lt","title":"VDU studentas: \u201eLaisva ir laisvai emigruojanti tauta \u2013 tai Lietuva!\u201c - \u017durnalas Lietuv\u0117","type":"rich","width":600,"height":338,"html":"<blockquote class=\"wp-embedded-content\" data-secret=\"PhZ8FnGYOS\"><a href=\"https:\/\/lietuve.lt\/vdu-studentas-laisva-ir-laisvai-emigruojanti-tauta-tai-lietuva\/\">VDU studentas: \u201eLaisva ir laisvai emigruojanti tauta \u2013 tai Lietuva!\u201c<\/a><\/blockquote><iframe sandbox=\"allow-scripts\" security=\"restricted\" src=\"https:\/\/lietuve.lt\/vdu-studentas-laisva-ir-laisvai-emigruojanti-tauta-tai-lietuva\/embed\/#?secret=PhZ8FnGYOS\" width=\"600\" height=\"338\" title=\"&#8220;VDU studentas: \u201eLaisva ir laisvai emigruojanti tauta \u2013 tai Lietuva!\u201c&#8221; &#8212; \u017durnalas Lietuv\u0117\" data-secret=\"PhZ8FnGYOS\" frameborder=\"0\" marginwidth=\"0\" marginheight=\"0\" scrolling=\"no\" class=\"wp-embedded-content\"><\/iframe><script type=\"text\/javascript\">\n\/* <![CDATA[ *\/\n\/*! This file is auto-generated *\/\n!function(d,l){\"use strict\";l.querySelector&&d.addEventListener&&\"undefined\"!=typeof URL&&(d.wp=d.wp||{},d.wp.receiveEmbedMessage||(d.wp.receiveEmbedMessage=function(e){var t=e.data;if((t||t.secret||t.message||t.value)&&!\/[^a-zA-Z0-9]\/.test(t.secret)){for(var s,r,n,a=l.querySelectorAll('iframe[data-secret=\"'+t.secret+'\"]'),o=l.querySelectorAll('blockquote[data-secret=\"'+t.secret+'\"]'),c=new RegExp(\"^https?:$\",\"i\"),i=0;i<o.length;i++)o[i].style.display=\"none\";for(i=0;i<a.length;i++)s=a[i],e.source===s.contentWindow&&(s.removeAttribute(\"style\"),\"height\"===t.message?(1e3<(r=parseInt(t.value,10))?r=1e3:~~r<200&&(r=200),s.height=r):\"link\"===t.message&&(r=new URL(s.getAttribute(\"src\")),n=new URL(t.value),c.test(n.protocol))&&n.host===r.host&&l.activeElement===s&&(d.top.location.href=t.value))}},d.addEventListener(\"message\",d.wp.receiveEmbedMessage,!1),l.addEventListener(\"DOMContentLoaded\",function(){for(var e,t,s=l.querySelectorAll(\"iframe.wp-embedded-content\"),r=0;r<s.length;r++)(t=(e=s[r]).getAttribute(\"data-secret\"))||(t=Math.random().toString(36).substring(2,12),e.src+=\"#?secret=\"+t,e.setAttribute(\"data-secret\",t)),e.contentWindow.postMessage({message:\"ready\",secret:t},\"*\")},!1)))}(window,document);\n\/\/# sourceURL=https:\/\/lietuve.lt\/wp-includes\/js\/wp-embed.min.js\n\/* ]]> *\/\n<\/script>\n","thumbnail_url":"https:\/\/lietuve.lt\/wp-content\/uploads\/2016\/01\/170.jpg","thumbnail_width":480,"thumbnail_height":484,"description":"Ne, tai ne d\u017eiaugsmo \u017eod\u017eiai ir net ne \u017eod\u017eiai, kuriais nor\u0117\u010diau ra\u0161yti apie savo \u0161al\u012f, bet, \u017einote, privalau. Prie\u0161 ma\u017edaug ketvirt\u012f am\u017eiaus atk\u016brus nepriklausomyb\u0119, Lietuva spind\u0117jo ir d\u017eiaug\u0117si esanti savaranki\u0161ka ir laisva. \u017dmoni\u0173 akys \u017eib\u0117jo ir kalb\u0117jo apie pasiekt\u0105 pergal\u0119, apie nauj\u0105, laisv\u0105 valstyb\u0119. \u0160iandien akis r\u0117\u017eia vienas dalykas, kuriuo sunku patik\u0117ti valstyb\u0117je, palyginti neseniai"}