{"version":"1.0","provider_name":"\u017durnalas Lietuv\u0117","provider_url":"https:\/\/lietuve.lt","title":"Vietas Vilniaus dar\u017eeliuose si\u016bloma skirti atsi\u017evelgiant \u012f vaik\u0173 am\u017ei\u0173 - \u017durnalas Lietuv\u0117","type":"rich","width":600,"height":338,"html":"<blockquote class=\"wp-embedded-content\" data-secret=\"VTySEUP8sD\"><a href=\"https:\/\/lietuve.lt\/vietas-vilniaus-darzeliuose-siuloma-skirti-atsizvelgiant-i-vaiku-amziu\/\">Vietas Vilniaus dar\u017eeliuose si\u016bloma skirti atsi\u017evelgiant \u012f vaik\u0173 am\u017ei\u0173<\/a><\/blockquote><iframe sandbox=\"allow-scripts\" security=\"restricted\" src=\"https:\/\/lietuve.lt\/vietas-vilniaus-darzeliuose-siuloma-skirti-atsizvelgiant-i-vaiku-amziu\/embed\/#?secret=VTySEUP8sD\" width=\"600\" height=\"338\" title=\"&#8220;Vietas Vilniaus dar\u017eeliuose si\u016bloma skirti atsi\u017evelgiant \u012f vaik\u0173 am\u017ei\u0173&#8221; &#8212; \u017durnalas Lietuv\u0117\" data-secret=\"VTySEUP8sD\" frameborder=\"0\" marginwidth=\"0\" marginheight=\"0\" scrolling=\"no\" class=\"wp-embedded-content\"><\/iframe><script type=\"text\/javascript\">\n\/* <![CDATA[ *\/\n\/*! This file is auto-generated *\/\n!function(d,l){\"use strict\";l.querySelector&&d.addEventListener&&\"undefined\"!=typeof URL&&(d.wp=d.wp||{},d.wp.receiveEmbedMessage||(d.wp.receiveEmbedMessage=function(e){var t=e.data;if((t||t.secret||t.message||t.value)&&!\/[^a-zA-Z0-9]\/.test(t.secret)){for(var s,r,n,a=l.querySelectorAll('iframe[data-secret=\"'+t.secret+'\"]'),o=l.querySelectorAll('blockquote[data-secret=\"'+t.secret+'\"]'),c=new RegExp(\"^https?:$\",\"i\"),i=0;i<o.length;i++)o[i].style.display=\"none\";for(i=0;i<a.length;i++)s=a[i],e.source===s.contentWindow&&(s.removeAttribute(\"style\"),\"height\"===t.message?(1e3<(r=parseInt(t.value,10))?r=1e3:~~r<200&&(r=200),s.height=r):\"link\"===t.message&&(r=new URL(s.getAttribute(\"src\")),n=new URL(t.value),c.test(n.protocol))&&n.host===r.host&&l.activeElement===s&&(d.top.location.href=t.value))}},d.addEventListener(\"message\",d.wp.receiveEmbedMessage,!1),l.addEventListener(\"DOMContentLoaded\",function(){for(var e,t,s=l.querySelectorAll(\"iframe.wp-embedded-content\"),r=0;r<s.length;r++)(t=(e=s[r]).getAttribute(\"data-secret\"))||(t=Math.random().toString(36).substring(2,12),e.src+=\"#?secret=\"+t,e.setAttribute(\"data-secret\",t)),e.contentWindow.postMessage({message:\"ready\",secret:t},\"*\")},!1)))}(window,document);\n\/\/# sourceURL=https:\/\/lietuve.lt\/wp-includes\/js\/wp-embed.min.js\n\/* ]]> *\/\n<\/script>\n","description":"Viename sostin\u0117s dar\u017eeli\u0173 \u0161\u012f pirmadien\u012f vyko Vilniaus miesto savivaldyb\u0117s spaudos konferencija, joje aptartos dar\u017eeli\u0173 problemos Vilniaus mieste, j\u0173 sprendimo b\u016bdai ir kompensacijos t\u0117vams, kuri\u0173 vaikai lanko priva\u010dius dar\u017eelius. \u201eNesuprantama, kaip mygtuko paspaudimo laikas gali b\u016bti vienas kriterij\u0173 gauti viet\u0105 dar\u017eelyje. Pra\u0117jusios kadencijos vald\u017eios skubotas sprendimas \u2013 pra\u0161ymus \u012f dar\u017eelius priimti nuolat \u2013 artimiausiame tarybos pos\u0117dyje"}