{"version":"1.0","provider_name":"\u017durnalas Lietuv\u0117","provider_url":"https:\/\/lietuve.lt","title":"Vigilijai \u017di\u016braitei \u2013 ypatingas apdovanojimas i\u0161 Ispanijos ambasadoriaus rank\u0173 - \u017durnalas Lietuv\u0117","type":"rich","width":600,"height":338,"html":"<blockquote class=\"wp-embedded-content\" data-secret=\"MWHP0QHjes\"><a href=\"https:\/\/lietuve.lt\/vigilijai-ziuraitei-ypatingas-apdovanojimas-is-ispanijos-ambasadoriaus-ranku\/\">Vigilijai \u017di\u016braitei \u2013 ypatingas apdovanojimas i\u0161 Ispanijos ambasadoriaus rank\u0173<\/a><\/blockquote><iframe sandbox=\"allow-scripts\" security=\"restricted\" src=\"https:\/\/lietuve.lt\/vigilijai-ziuraitei-ypatingas-apdovanojimas-is-ispanijos-ambasadoriaus-ranku\/embed\/#?secret=MWHP0QHjes\" width=\"600\" height=\"338\" title=\"&#8220;Vigilijai \u017di\u016braitei \u2013 ypatingas apdovanojimas i\u0161 Ispanijos ambasadoriaus rank\u0173&#8221; &#8212; \u017durnalas Lietuv\u0117\" data-secret=\"MWHP0QHjes\" frameborder=\"0\" marginwidth=\"0\" marginheight=\"0\" scrolling=\"no\" class=\"wp-embedded-content\"><\/iframe><script type=\"text\/javascript\">\n\/* <![CDATA[ *\/\n\/*! This file is auto-generated *\/\n!function(d,l){\"use strict\";l.querySelector&&d.addEventListener&&\"undefined\"!=typeof URL&&(d.wp=d.wp||{},d.wp.receiveEmbedMessage||(d.wp.receiveEmbedMessage=function(e){var t=e.data;if((t||t.secret||t.message||t.value)&&!\/[^a-zA-Z0-9]\/.test(t.secret)){for(var s,r,n,a=l.querySelectorAll('iframe[data-secret=\"'+t.secret+'\"]'),o=l.querySelectorAll('blockquote[data-secret=\"'+t.secret+'\"]'),c=new RegExp(\"^https?:$\",\"i\"),i=0;i<o.length;i++)o[i].style.display=\"none\";for(i=0;i<a.length;i++)s=a[i],e.source===s.contentWindow&&(s.removeAttribute(\"style\"),\"height\"===t.message?(1e3<(r=parseInt(t.value,10))?r=1e3:~~r<200&&(r=200),s.height=r):\"link\"===t.message&&(r=new URL(s.getAttribute(\"src\")),n=new URL(t.value),c.test(n.protocol))&&n.host===r.host&&l.activeElement===s&&(d.top.location.href=t.value))}},d.addEventListener(\"message\",d.wp.receiveEmbedMessage,!1),l.addEventListener(\"DOMContentLoaded\",function(){for(var e,t,s=l.querySelectorAll(\"iframe.wp-embedded-content\"),r=0;r<s.length;r++)(t=(e=s[r]).getAttribute(\"data-secret\"))||(t=Math.random().toString(36).substring(2,12),e.src+=\"#?secret=\"+t,e.setAttribute(\"data-secret\",t)),e.contentWindow.postMessage({message:\"ready\",secret:t},\"*\")},!1)))}(window,document);\n\/\/# sourceURL=https:\/\/lietuve.lt\/wp-includes\/js\/wp-embed.min.js\n\/* ]]> *\/\n<\/script>\n","thumbnail_url":"https:\/\/lietuve.lt\/wp-content\/uploads\/2020\/10\/Vigilija-Ziuraite.jpg","thumbnail_width":1024,"thumbnail_height":682,"description":"Ispanijos ambasadorius Lietuvoje Jos\u00e9 Mar\u00eda Robles Fraga u\u017e Ispanijos ir Lietuvos draugyst\u0119 bei Ispanijos kalbos ir kult\u016bros puosel\u0117jim\u0105 Karalien\u0117s Izabel\u0117s Katalik\u0117s ordino kry\u017eiumi apdovanojo Vytauto Did\u017eiojo universiteto (VDU) U\u017esienio kalb\u0173 instituto (UKI) ispan\u0173 kalbos d\u0117stytoj\u0105, VDU Politikos moksl\u0173 ir diplomatijos fakulteto (PMDF) doktorant\u0119 Vigilij\u0105 \u017di\u016brait\u0119. Karalien\u0117s Izabel\u0117s Katalik\u0117s ordinas \u2013 seniausias Ispanijos Karalyst\u0117s ordinas, teikiamas"}