{"version":"1.0","provider_name":"\u017durnalas Lietuv\u0117","provider_url":"https:\/\/lietuve.lt","title":"Vilma Leonavi\u010dien\u0117: \u201eLietuvos vardas pla\u010diai \u012fsitvirtina pasaulyje\u201c - \u017durnalas Lietuv\u0117","type":"rich","width":600,"height":338,"html":"<blockquote class=\"wp-embedded-content\" data-secret=\"fH50kNlRUc\"><a href=\"https:\/\/lietuve.lt\/vilma-leonaviciene-lietuvos-vardas-placiai-isitvirtina-pasaulyje\/\">Vilma Leonavi\u010dien\u0117: \u201eLietuvos vardas pla\u010diai \u012fsitvirtina pasaulyje\u201c<\/a><\/blockquote><iframe sandbox=\"allow-scripts\" security=\"restricted\" src=\"https:\/\/lietuve.lt\/vilma-leonaviciene-lietuvos-vardas-placiai-isitvirtina-pasaulyje\/embed\/#?secret=fH50kNlRUc\" width=\"600\" height=\"338\" title=\"&#8220;Vilma Leonavi\u010dien\u0117: \u201eLietuvos vardas pla\u010diai \u012fsitvirtina pasaulyje\u201c&#8221; &#8212; \u017durnalas Lietuv\u0117\" data-secret=\"fH50kNlRUc\" frameborder=\"0\" marginwidth=\"0\" marginheight=\"0\" scrolling=\"no\" class=\"wp-embedded-content\"><\/iframe><script type=\"text\/javascript\">\n\/* <![CDATA[ *\/\n\/*! This file is auto-generated *\/\n!function(d,l){\"use strict\";l.querySelector&&d.addEventListener&&\"undefined\"!=typeof URL&&(d.wp=d.wp||{},d.wp.receiveEmbedMessage||(d.wp.receiveEmbedMessage=function(e){var t=e.data;if((t||t.secret||t.message||t.value)&&!\/[^a-zA-Z0-9]\/.test(t.secret)){for(var s,r,n,a=l.querySelectorAll('iframe[data-secret=\"'+t.secret+'\"]'),o=l.querySelectorAll('blockquote[data-secret=\"'+t.secret+'\"]'),c=new RegExp(\"^https?:$\",\"i\"),i=0;i<o.length;i++)o[i].style.display=\"none\";for(i=0;i<a.length;i++)s=a[i],e.source===s.contentWindow&&(s.removeAttribute(\"style\"),\"height\"===t.message?(1e3<(r=parseInt(t.value,10))?r=1e3:~~r<200&&(r=200),s.height=r):\"link\"===t.message&&(r=new URL(s.getAttribute(\"src\")),n=new URL(t.value),c.test(n.protocol))&&n.host===r.host&&l.activeElement===s&&(d.top.location.href=t.value))}},d.addEventListener(\"message\",d.wp.receiveEmbedMessage,!1),l.addEventListener(\"DOMContentLoaded\",function(){for(var e,t,s=l.querySelectorAll(\"iframe.wp-embedded-content\"),r=0;r<s.length;r++)(t=(e=s[r]).getAttribute(\"data-secret\"))||(t=Math.random().toString(36).substring(2,12),e.src+=\"#?secret=\"+t,e.setAttribute(\"data-secret\",t)),e.contentWindow.postMessage({message:\"ready\",secret:t},\"*\")},!1)))}(window,document);\n\/\/# sourceURL=https:\/\/lietuve.lt\/wp-includes\/js\/wp-embed.min.js\n\/* ]]> *\/\n<\/script>\n","thumbnail_url":"https:\/\/lietuve.lt\/wp-content\/uploads\/2018\/01\/Vilma-Leonavi\u010dien\u0117-su-ukrainie\u010diais.jpg","thumbnail_width":960,"thumbnail_height":720,"description":"Lietuvi\u0173 kalba vis pla\u010diau plinta pasaulyje. Pra\u0117jusi\u0173 met\u0173 pabaigoje \u010cernivci\u0173 Jurijaus Fedkovi\u010diaus nacionaliniame pedagoginiame universitete (Ukraina) atidarytas naujasis Baltistikos centras. Lietuvi\u0173 kalbos ir kult\u016bros centras ir \u010cernivci\u0173 Jurijaus Fedkovi\u010diaus nacionalinis pedagoginis universitetas bendradarbiauja nuo 2001 m. Daugiau nei pus\u0161imtis \u0161io universiteto d\u0117stytoj\u0173, student\u0173 lank\u0117si Lietuvoje, dalyvavo mokslin\u0117se sta\u017euot\u0117se, praktikose, lietuvi\u0173 kalbos ir kult\u016bros vasaros, \u017eiemos"}