{"version":"1.0","provider_name":"\u017durnalas Lietuv\u0117","provider_url":"https:\/\/lietuve.lt","title":"Vilniaus \u0161vies\u0173 festivalio programoje \u2013 21 instaliacija - \u017durnalas Lietuv\u0117","type":"rich","width":600,"height":338,"html":"<blockquote class=\"wp-embedded-content\" data-secret=\"RP6Sc1dvl1\"><a href=\"https:\/\/lietuve.lt\/vilniaus-sviesu-festivalio-programoje-21-instaliacija\/\">Vilniaus \u0161vies\u0173 festivalio programoje \u2013 21 instaliacija<\/a><\/blockquote><iframe sandbox=\"allow-scripts\" security=\"restricted\" src=\"https:\/\/lietuve.lt\/vilniaus-sviesu-festivalio-programoje-21-instaliacija\/embed\/#?secret=RP6Sc1dvl1\" width=\"600\" height=\"338\" title=\"&#8220;Vilniaus \u0161vies\u0173 festivalio programoje \u2013 21 instaliacija&#8221; &#8212; \u017durnalas Lietuv\u0117\" data-secret=\"RP6Sc1dvl1\" frameborder=\"0\" marginwidth=\"0\" marginheight=\"0\" scrolling=\"no\" class=\"wp-embedded-content\"><\/iframe><script type=\"text\/javascript\">\n\/* <![CDATA[ *\/\n\/*! This file is auto-generated *\/\n!function(d,l){\"use strict\";l.querySelector&&d.addEventListener&&\"undefined\"!=typeof URL&&(d.wp=d.wp||{},d.wp.receiveEmbedMessage||(d.wp.receiveEmbedMessage=function(e){var t=e.data;if((t||t.secret||t.message||t.value)&&!\/[^a-zA-Z0-9]\/.test(t.secret)){for(var s,r,n,a=l.querySelectorAll('iframe[data-secret=\"'+t.secret+'\"]'),o=l.querySelectorAll('blockquote[data-secret=\"'+t.secret+'\"]'),c=new RegExp(\"^https?:$\",\"i\"),i=0;i<o.length;i++)o[i].style.display=\"none\";for(i=0;i<a.length;i++)s=a[i],e.source===s.contentWindow&&(s.removeAttribute(\"style\"),\"height\"===t.message?(1e3<(r=parseInt(t.value,10))?r=1e3:~~r<200&&(r=200),s.height=r):\"link\"===t.message&&(r=new URL(s.getAttribute(\"src\")),n=new URL(t.value),c.test(n.protocol))&&n.host===r.host&&l.activeElement===s&&(d.top.location.href=t.value))}},d.addEventListener(\"message\",d.wp.receiveEmbedMessage,!1),l.addEventListener(\"DOMContentLoaded\",function(){for(var e,t,s=l.querySelectorAll(\"iframe.wp-embedded-content\"),r=0;r<s.length;r++)(t=(e=s[r]).getAttribute(\"data-secret\"))||(t=Math.random().toString(36).substring(2,12),e.src+=\"#?secret=\"+t,e.setAttribute(\"data-secret\",t)),e.contentWindow.postMessage({message:\"ready\",secret:t},\"*\")},!1)))}(window,document);\n\/\/# sourceURL=https:\/\/lietuve.lt\/wp-includes\/js\/wp-embed.min.js\n\/* ]]> *\/\n<\/script>\n","thumbnail_url":"https:\/\/lietuve.lt\/wp-content\/uploads\/2025\/01\/2-14.jpg","thumbnail_width":875,"thumbnail_height":655,"description":"Vilnius kvie\u010dia \u012fsp\u016bdingai pamin\u0117ti 702-\u0105j\u012f miesto gimtadien\u012f su jau tradicija tapusiu Vilniaus \u0161vies\u0173 festivaliu. Sausio 24\u201326 dienomis sostin\u0117s centro aik\u0161tes, skverus, kiemus, Vilniaus mokytoj\u0173 nam\u0173, MO muziejaus, \u0160iuolaikinio meno centro pastat\u0173 fasadus ir miesto simbolius nu\u0161vies 18 instaliacij\u0173 ir 3 papildomi objektai, kviesiantys \u012f \u012fsimintin\u0105 dialog\u0105 su \u0161viesa. Dar kart\u0105 susitikti ir i\u0161 naujo \u012fsimyl\u0117ti"}