{"version":"1.0","provider_name":"\u017durnalas Lietuv\u0117","provider_url":"https:\/\/lietuve.lt","title":"Vilniaus universitetas triuk\u0161mingai prad\u0117jo 437-uosius studij\u0173 metus - \u017durnalas Lietuv\u0117","type":"rich","width":600,"height":338,"html":"<blockquote class=\"wp-embedded-content\" data-secret=\"FoncM2mf2N\"><a href=\"https:\/\/lietuve.lt\/vilniaus-universitetas-triuksmingai-pradejo-437-uosius-studiju-metus\/\">Vilniaus universitetas triuk\u0161mingai prad\u0117jo 437-uosius studij\u0173 metus<\/a><\/blockquote><iframe sandbox=\"allow-scripts\" security=\"restricted\" src=\"https:\/\/lietuve.lt\/vilniaus-universitetas-triuksmingai-pradejo-437-uosius-studiju-metus\/embed\/#?secret=FoncM2mf2N\" width=\"600\" height=\"338\" title=\"&#8220;Vilniaus universitetas triuk\u0161mingai prad\u0117jo 437-uosius studij\u0173 metus&#8221; &#8212; \u017durnalas Lietuv\u0117\" data-secret=\"FoncM2mf2N\" frameborder=\"0\" marginwidth=\"0\" marginheight=\"0\" scrolling=\"no\" class=\"wp-embedded-content\"><\/iframe><script type=\"text\/javascript\">\n\/* <![CDATA[ *\/\n\/*! This file is auto-generated *\/\n!function(d,l){\"use strict\";l.querySelector&&d.addEventListener&&\"undefined\"!=typeof URL&&(d.wp=d.wp||{},d.wp.receiveEmbedMessage||(d.wp.receiveEmbedMessage=function(e){var t=e.data;if((t||t.secret||t.message||t.value)&&!\/[^a-zA-Z0-9]\/.test(t.secret)){for(var s,r,n,a=l.querySelectorAll('iframe[data-secret=\"'+t.secret+'\"]'),o=l.querySelectorAll('blockquote[data-secret=\"'+t.secret+'\"]'),c=new RegExp(\"^https?:$\",\"i\"),i=0;i<o.length;i++)o[i].style.display=\"none\";for(i=0;i<a.length;i++)s=a[i],e.source===s.contentWindow&&(s.removeAttribute(\"style\"),\"height\"===t.message?(1e3<(r=parseInt(t.value,10))?r=1e3:~~r<200&&(r=200),s.height=r):\"link\"===t.message&&(r=new URL(s.getAttribute(\"src\")),n=new URL(t.value),c.test(n.protocol))&&n.host===r.host&&l.activeElement===s&&(d.top.location.href=t.value))}},d.addEventListener(\"message\",d.wp.receiveEmbedMessage,!1),l.addEventListener(\"DOMContentLoaded\",function(){for(var e,t,s=l.querySelectorAll(\"iframe.wp-embedded-content\"),r=0;r<s.length;r++)(t=(e=s[r]).getAttribute(\"data-secret\"))||(t=Math.random().toString(36).substring(2,12),e.src+=\"#?secret=\"+t,e.setAttribute(\"data-secret\",t)),e.contentWindow.postMessage({message:\"ready\",secret:t},\"*\")},!1)))}(window,document);\n\/\/# sourceURL=https:\/\/lietuve.lt\/wp-includes\/js\/wp-embed.min.js\n\/* ]]> *\/\n<\/script>\n","description":"Vilniaus universitetas \u0161vente \u201eRenovatio studiorum\u201c prad\u0117jo 437-uosius studij\u0173 metus. I\u0161 ryto Bibliotekos kieme v\u0117l suplev\u0117savo universiteto v\u0117liava \u2013 j\u0105 i\u0161k\u0117l\u0117 Filosofijos fakulteto dekanas prof. Ar\u016bnas Povili\u016bnas. VU \u0160v. Jon\u0173 ba\u017eny\u010dioje vyko i\u0161kilminga ceremonija, joje Filologijos fakulteto mokslininkai dr. Rasa Klio\u0161toraityt\u0117 ir dr. Dainius B\u016br\u0117 apdovanoti Italijos \u017evaig\u017ed\u0117s kavalieriaus ordinais. \u0160is auk\u0161tas apdovanojimas jiems skirtas u\u017e"}