{"version":"1.0","provider_name":"\u017durnalas Lietuv\u0117","provider_url":"https:\/\/lietuve.lt","title":"Vilniaus universiteto darbuotojai nud\u017eiugino seneli\u0173 globos nam\u0173 gyventojus - \u017durnalas Lietuv\u0117","type":"rich","width":600,"height":338,"html":"<blockquote class=\"wp-embedded-content\" data-secret=\"nVsgsgRXsi\"><a href=\"https:\/\/lietuve.lt\/vilniaus-universiteto-darbuotojai-nudziugino-seneliu-globos-namu-gyventojus\/\">Vilniaus universiteto darbuotojai nud\u017eiugino seneli\u0173 globos nam\u0173 gyventojus<\/a><\/blockquote><iframe sandbox=\"allow-scripts\" security=\"restricted\" src=\"https:\/\/lietuve.lt\/vilniaus-universiteto-darbuotojai-nudziugino-seneliu-globos-namu-gyventojus\/embed\/#?secret=nVsgsgRXsi\" width=\"600\" height=\"338\" title=\"&#8220;Vilniaus universiteto darbuotojai nud\u017eiugino seneli\u0173 globos nam\u0173 gyventojus&#8221; &#8212; \u017durnalas Lietuv\u0117\" data-secret=\"nVsgsgRXsi\" frameborder=\"0\" marginwidth=\"0\" marginheight=\"0\" scrolling=\"no\" class=\"wp-embedded-content\"><\/iframe><script type=\"text\/javascript\">\n\/* <![CDATA[ *\/\n\/*! This file is auto-generated *\/\n!function(d,l){\"use strict\";l.querySelector&&d.addEventListener&&\"undefined\"!=typeof URL&&(d.wp=d.wp||{},d.wp.receiveEmbedMessage||(d.wp.receiveEmbedMessage=function(e){var t=e.data;if((t||t.secret||t.message||t.value)&&!\/[^a-zA-Z0-9]\/.test(t.secret)){for(var s,r,n,a=l.querySelectorAll('iframe[data-secret=\"'+t.secret+'\"]'),o=l.querySelectorAll('blockquote[data-secret=\"'+t.secret+'\"]'),c=new RegExp(\"^https?:$\",\"i\"),i=0;i<o.length;i++)o[i].style.display=\"none\";for(i=0;i<a.length;i++)s=a[i],e.source===s.contentWindow&&(s.removeAttribute(\"style\"),\"height\"===t.message?(1e3<(r=parseInt(t.value,10))?r=1e3:~~r<200&&(r=200),s.height=r):\"link\"===t.message&&(r=new URL(s.getAttribute(\"src\")),n=new URL(t.value),c.test(n.protocol))&&n.host===r.host&&l.activeElement===s&&(d.top.location.href=t.value))}},d.addEventListener(\"message\",d.wp.receiveEmbedMessage,!1),l.addEventListener(\"DOMContentLoaded\",function(){for(var e,t,s=l.querySelectorAll(\"iframe.wp-embedded-content\"),r=0;r<s.length;r++)(t=(e=s[r]).getAttribute(\"data-secret\"))||(t=Math.random().toString(36).substring(2,12),e.src+=\"#?secret=\"+t,e.setAttribute(\"data-secret\",t)),e.contentWindow.postMessage({message:\"ready\",secret:t},\"*\")},!1)))}(window,document);\n\/\/# sourceURL=https:\/\/lietuve.lt\/wp-includes\/js\/wp-embed.min.js\n\/* ]]> *\/\n<\/script>\n","description":"Sausio m\u0117nes\u012f grupel\u0117 entuziastingai nusiteikusi\u0173 Vilniaus universiteto darbuotoj\u0173 vyko \u012f Salako (Zaras\u0173 r.) seneli\u0173 globos namus, ve\u017edami savo ir koleg\u0173 r\u016bpestingai surinktas, supakuotas dovanas bei \u0161ventinius link\u0117jimus. Vis\u0105 gruod\u012f \u017dmogi\u0161k\u0173j\u0173 i\u0161tekli\u0173 valdymo skyriaus (\u017dIVS) kvietimu VU centrin\u0117s administracijos darbuotojai gal\u0117jo prisid\u0117ti prie savanori\u0161kos pagalbos seneli\u0173 namams iniciatyvos \u201eSenu\u010diukai\u201c. Jos autor\u0117 ir moderator\u0117 \u2013 Filosofijos fakultete","thumbnail_url":"http:\/\/lietuve.lt\/wp-content\/uploads\/2016\/01\/173.jpg"}