{"version":"1.0","provider_name":"\u017durnalas Lietuv\u0117","provider_url":"https:\/\/lietuve.lt","title":"Vilniaus universiteto mokslininkei \u2013 Italijos Prezidento apdovanojimas - \u017durnalas Lietuv\u0117","type":"rich","width":600,"height":338,"html":"<blockquote class=\"wp-embedded-content\" data-secret=\"vdwHdFEEI3\"><a href=\"https:\/\/lietuve.lt\/vilniaus-universiteto-mokslininkei-italijos-prezidento-apdovanojimas\/\">Vilniaus universiteto mokslininkei \u2013 Italijos Prezidento apdovanojimas<\/a><\/blockquote><iframe sandbox=\"allow-scripts\" security=\"restricted\" src=\"https:\/\/lietuve.lt\/vilniaus-universiteto-mokslininkei-italijos-prezidento-apdovanojimas\/embed\/#?secret=vdwHdFEEI3\" width=\"600\" height=\"338\" title=\"&#8220;Vilniaus universiteto mokslininkei \u2013 Italijos Prezidento apdovanojimas&#8221; &#8212; \u017durnalas Lietuv\u0117\" data-secret=\"vdwHdFEEI3\" frameborder=\"0\" marginwidth=\"0\" marginheight=\"0\" scrolling=\"no\" class=\"wp-embedded-content\"><\/iframe><script type=\"text\/javascript\">\n\/* <![CDATA[ *\/\n\/*! This file is auto-generated *\/\n!function(d,l){\"use strict\";l.querySelector&&d.addEventListener&&\"undefined\"!=typeof URL&&(d.wp=d.wp||{},d.wp.receiveEmbedMessage||(d.wp.receiveEmbedMessage=function(e){var t=e.data;if((t||t.secret||t.message||t.value)&&!\/[^a-zA-Z0-9]\/.test(t.secret)){for(var s,r,n,a=l.querySelectorAll('iframe[data-secret=\"'+t.secret+'\"]'),o=l.querySelectorAll('blockquote[data-secret=\"'+t.secret+'\"]'),c=new RegExp(\"^https?:$\",\"i\"),i=0;i<o.length;i++)o[i].style.display=\"none\";for(i=0;i<a.length;i++)s=a[i],e.source===s.contentWindow&&(s.removeAttribute(\"style\"),\"height\"===t.message?(1e3<(r=parseInt(t.value,10))?r=1e3:~~r<200&&(r=200),s.height=r):\"link\"===t.message&&(r=new URL(s.getAttribute(\"src\")),n=new URL(t.value),c.test(n.protocol))&&n.host===r.host&&l.activeElement===s&&(d.top.location.href=t.value))}},d.addEventListener(\"message\",d.wp.receiveEmbedMessage,!1),l.addEventListener(\"DOMContentLoaded\",function(){for(var e,t,s=l.querySelectorAll(\"iframe.wp-embedded-content\"),r=0;r<s.length;r++)(t=(e=s[r]).getAttribute(\"data-secret\"))||(t=Math.random().toString(36).substring(2,12),e.src+=\"#?secret=\"+t,e.setAttribute(\"data-secret\",t)),e.contentWindow.postMessage({message:\"ready\",secret:t},\"*\")},!1)))}(window,document);\n\/\/# sourceURL=https:\/\/lietuve.lt\/wp-includes\/js\/wp-embed.min.js\n\/* ]]> *\/\n<\/script>\n","thumbnail_url":"https:\/\/lietuve.lt\/wp-content\/uploads\/2016\/03\/Dainora-pociute.jpg","thumbnail_width":642,"thumbnail_height":336,"description":"Italijos Respublikos Prezidentas Sergio Mattarella antrojo laipsnio Italijos \u017evaig\u017ed\u0117s ordinu u\u017e kult\u016brini\u0173 ir akademini\u0173 main\u0173 skatinim\u0105 tarp dviej\u0173 \u0161ali\u0173 apdovanojo Vilniaus universiteto Senato pirminink\u0119, Filologijos fakulteto profesor\u0119 Dainor\u0105 Poci\u016bt\u0119-Abukevi\u010dien\u0119. Tai pirmasis tokio auk\u0161to rango \u012fvertinimas VU mokslininkui. Varginga humanitarikos pad\u0117tis posovietin\u0117je Lietuvoje \u201eBuvau nustebinta ir laiminga. Italija man brangi \u0161alis. Prad\u0117dama joje istorinius ir kult\u016brinius"}