{"version":"1.0","provider_name":"\u017durnalas Lietuv\u0117","provider_url":"https:\/\/lietuve.lt","title":"Vokie\u010di\u0173 kalbos dienos renginiai Kaune: kult\u016bra, politika, verslas  - \u017durnalas Lietuv\u0117","type":"rich","width":600,"height":338,"html":"<blockquote class=\"wp-embedded-content\" data-secret=\"MrHQlozMUi\"><a href=\"https:\/\/lietuve.lt\/vokieciu-kalbos-dienos-renginiai-kaune-kultura-politika-verslas\/\">Vokie\u010di\u0173 kalbos dienos renginiai Kaune: kult\u016bra, politika, verslas<\/a><\/blockquote><iframe sandbox=\"allow-scripts\" security=\"restricted\" src=\"https:\/\/lietuve.lt\/vokieciu-kalbos-dienos-renginiai-kaune-kultura-politika-verslas\/embed\/#?secret=MrHQlozMUi\" width=\"600\" height=\"338\" title=\"&#8220;Vokie\u010di\u0173 kalbos dienos renginiai Kaune: kult\u016bra, politika, verslas&#8221; &#8212; \u017durnalas Lietuv\u0117\" data-secret=\"MrHQlozMUi\" frameborder=\"0\" marginwidth=\"0\" marginheight=\"0\" scrolling=\"no\" class=\"wp-embedded-content\"><\/iframe><script type=\"text\/javascript\">\n\/* <![CDATA[ *\/\n\/*! This file is auto-generated *\/\n!function(d,l){\"use strict\";l.querySelector&&d.addEventListener&&\"undefined\"!=typeof URL&&(d.wp=d.wp||{},d.wp.receiveEmbedMessage||(d.wp.receiveEmbedMessage=function(e){var t=e.data;if((t||t.secret||t.message||t.value)&&!\/[^a-zA-Z0-9]\/.test(t.secret)){for(var s,r,n,a=l.querySelectorAll('iframe[data-secret=\"'+t.secret+'\"]'),o=l.querySelectorAll('blockquote[data-secret=\"'+t.secret+'\"]'),c=new RegExp(\"^https?:$\",\"i\"),i=0;i<o.length;i++)o[i].style.display=\"none\";for(i=0;i<a.length;i++)s=a[i],e.source===s.contentWindow&&(s.removeAttribute(\"style\"),\"height\"===t.message?(1e3<(r=parseInt(t.value,10))?r=1e3:~~r<200&&(r=200),s.height=r):\"link\"===t.message&&(r=new URL(s.getAttribute(\"src\")),n=new URL(t.value),c.test(n.protocol))&&n.host===r.host&&l.activeElement===s&&(d.top.location.href=t.value))}},d.addEventListener(\"message\",d.wp.receiveEmbedMessage,!1),l.addEventListener(\"DOMContentLoaded\",function(){for(var e,t,s=l.querySelectorAll(\"iframe.wp-embedded-content\"),r=0;r<s.length;r++)(t=(e=s[r]).getAttribute(\"data-secret\"))||(t=Math.random().toString(36).substring(2,12),e.src+=\"#?secret=\"+t,e.setAttribute(\"data-secret\",t)),e.contentWindow.postMessage({message:\"ready\",secret:t},\"*\")},!1)))}(window,document);\n\/\/# sourceURL=https:\/\/lietuve.lt\/wp-includes\/js\/wp-embed.min.js\n\/* ]]> *\/\n<\/script>\n","thumbnail_url":"https:\/\/lietuve.lt\/wp-content\/uploads\/2016\/10\/Gintar\u0117-Gel\u016bnait\u0117-Malinauskien\u0117.jpg","thumbnail_width":800,"thumbnail_height":532,"description":"Spalio 20 d., ketvirtadien\u012f, pirm\u0105 kart\u0105 Lietuvoje bus surengta Vokie\u010di\u0173 kalbos diena \u201e\u00d6 kaip voki\u0161kai?\u201c, kurios metu \u0161alyje vyks vokie\u010di\u0173 kalbai ir kult\u016brai skirti renginiai. Vytauto Did\u017eiojo universitetas (VDU) jungiasi prie visos \u0161alies \u0161vietimo \u012fstaig\u0173 ir pristato program\u0105, skirt\u0105 moksleiviams, studentams ir visuomenei. \u201eVokie\u010di\u0173 kalba visuomenei yra patraukli ir konkuruoja su pranc\u016bz\u0173, ital\u0173, ispan\u0173. Reikia"}