{"version":"1.0","provider_name":"\u017durnalas Lietuv\u0117","provider_url":"https:\/\/lietuve.lt","title":"Vyriausyb\u0117je \u2013 visiems atvira gimtadienio \u0161vent\u0117 - \u017durnalas Lietuv\u0117","type":"rich","width":600,"height":338,"html":"<blockquote class=\"wp-embedded-content\" data-secret=\"7n5OFnDrYt\"><a href=\"https:\/\/lietuve.lt\/vyriausybeje-visiems-atvira-gimtadienio-svente\/\">Vyriausyb\u0117je \u2013 visiems atvira gimtadienio \u0161vent\u0117<\/a><\/blockquote><iframe sandbox=\"allow-scripts\" security=\"restricted\" src=\"https:\/\/lietuve.lt\/vyriausybeje-visiems-atvira-gimtadienio-svente\/embed\/#?secret=7n5OFnDrYt\" width=\"600\" height=\"338\" title=\"&#8220;Vyriausyb\u0117je \u2013 visiems atvira gimtadienio \u0161vent\u0117&#8221; &#8212; \u017durnalas Lietuv\u0117\" data-secret=\"7n5OFnDrYt\" frameborder=\"0\" marginwidth=\"0\" marginheight=\"0\" scrolling=\"no\" class=\"wp-embedded-content\"><\/iframe><script type=\"text\/javascript\">\n\/* <![CDATA[ *\/\n\/*! This file is auto-generated *\/\n!function(d,l){\"use strict\";l.querySelector&&d.addEventListener&&\"undefined\"!=typeof URL&&(d.wp=d.wp||{},d.wp.receiveEmbedMessage||(d.wp.receiveEmbedMessage=function(e){var t=e.data;if((t||t.secret||t.message||t.value)&&!\/[^a-zA-Z0-9]\/.test(t.secret)){for(var s,r,n,a=l.querySelectorAll('iframe[data-secret=\"'+t.secret+'\"]'),o=l.querySelectorAll('blockquote[data-secret=\"'+t.secret+'\"]'),c=new RegExp(\"^https?:$\",\"i\"),i=0;i<o.length;i++)o[i].style.display=\"none\";for(i=0;i<a.length;i++)s=a[i],e.source===s.contentWindow&&(s.removeAttribute(\"style\"),\"height\"===t.message?(1e3<(r=parseInt(t.value,10))?r=1e3:~~r<200&&(r=200),s.height=r):\"link\"===t.message&&(r=new URL(s.getAttribute(\"src\")),n=new URL(t.value),c.test(n.protocol))&&n.host===r.host&&l.activeElement===s&&(d.top.location.href=t.value))}},d.addEventListener(\"message\",d.wp.receiveEmbedMessage,!1),l.addEventListener(\"DOMContentLoaded\",function(){for(var e,t,s=l.querySelectorAll(\"iframe.wp-embedded-content\"),r=0;r<s.length;r++)(t=(e=s[r]).getAttribute(\"data-secret\"))||(t=Math.random().toString(36).substring(2,12),e.src+=\"#?secret=\"+t,e.setAttribute(\"data-secret\",t)),e.contentWindow.postMessage({message:\"ready\",secret:t},\"*\")},!1)))}(window,document);\n\/\/# sourceURL=https:\/\/lietuve.lt\/wp-includes\/js\/wp-embed.min.js\n\/* ]]> *\/\n<\/script>\n","thumbnail_url":"https:\/\/lietuve.lt\/wp-content\/uploads\/2017\/11\/1-17.jpg","thumbnail_width":852,"thumbnail_height":536,"description":"\u0160e\u0161tadien\u012f, lapkri\u010dio 11 dien\u0105, Lietuvos Respublikos Vyriausyb\u0117 \u0161ven\u010dia 99 met\u0173 gimtadien\u012f. Ta proga Vyriausyb\u0117 atveria duris lankytojams ir kvie\u010dia dalyvauti diskusijose, filmo seanse, paklausyti \u0161ventinio koncerto. Rengin\u012f atidarys diskusij\u0173 ciklas \u201ePraeitis. Dabartis. Ateitis\u201c. Diskusijos kvies i\u0161siai\u0161kinti, kurios istorin\u0117s asmenyb\u0117s padar\u0117 did\u017eiausi\u0105 \u012ftak\u0105 m\u016bs\u0173 \u0161aliai ir paliko reik\u0161mingiausius p\u0117dsakus Lietuvos politikoje, taip pat gilinsis \u012f dabarties"}