{"version":"1.0","provider_name":"\u017durnalas Lietuv\u0117","provider_url":"https:\/\/lietuve.lt","title":"\u017demaitijos met\u0173 startas Tel\u0161i\u0173 lop\u0161elio-dar\u017eelio \u201eBer\u017eelis\u201c bendruomen\u0117je - \u017durnalas Lietuv\u0117","type":"rich","width":600,"height":338,"html":"<blockquote class=\"wp-embedded-content\" data-secret=\"TGCGJVDN5o\"><a href=\"https:\/\/lietuve.lt\/zemaitijos-metu-startas-telsiu-lopselio-darzelio-berzelis-bendruomeneje\/\">\u017demaitijos met\u0173 startas Tel\u0161i\u0173 lop\u0161elio-dar\u017eelio \u201eBer\u017eelis\u201c bendruomen\u0117je<\/a><\/blockquote><iframe sandbox=\"allow-scripts\" security=\"restricted\" src=\"https:\/\/lietuve.lt\/zemaitijos-metu-startas-telsiu-lopselio-darzelio-berzelis-bendruomeneje\/embed\/#?secret=TGCGJVDN5o\" width=\"600\" height=\"338\" title=\"&#8220;\u017demaitijos met\u0173 startas Tel\u0161i\u0173 lop\u0161elio-dar\u017eelio \u201eBer\u017eelis\u201c bendruomen\u0117je&#8221; &#8212; \u017durnalas Lietuv\u0117\" data-secret=\"TGCGJVDN5o\" frameborder=\"0\" marginwidth=\"0\" marginheight=\"0\" scrolling=\"no\" class=\"wp-embedded-content\"><\/iframe><script type=\"text\/javascript\">\n\/* <![CDATA[ *\/\n\/*! This file is auto-generated *\/\n!function(d,l){\"use strict\";l.querySelector&&d.addEventListener&&\"undefined\"!=typeof URL&&(d.wp=d.wp||{},d.wp.receiveEmbedMessage||(d.wp.receiveEmbedMessage=function(e){var t=e.data;if((t||t.secret||t.message||t.value)&&!\/[^a-zA-Z0-9]\/.test(t.secret)){for(var s,r,n,a=l.querySelectorAll('iframe[data-secret=\"'+t.secret+'\"]'),o=l.querySelectorAll('blockquote[data-secret=\"'+t.secret+'\"]'),c=new RegExp(\"^https?:$\",\"i\"),i=0;i<o.length;i++)o[i].style.display=\"none\";for(i=0;i<a.length;i++)s=a[i],e.source===s.contentWindow&&(s.removeAttribute(\"style\"),\"height\"===t.message?(1e3<(r=parseInt(t.value,10))?r=1e3:~~r<200&&(r=200),s.height=r):\"link\"===t.message&&(r=new URL(s.getAttribute(\"src\")),n=new URL(t.value),c.test(n.protocol))&&n.host===r.host&&l.activeElement===s&&(d.top.location.href=t.value))}},d.addEventListener(\"message\",d.wp.receiveEmbedMessage,!1),l.addEventListener(\"DOMContentLoaded\",function(){for(var e,t,s=l.querySelectorAll(\"iframe.wp-embedded-content\"),r=0;r<s.length;r++)(t=(e=s[r]).getAttribute(\"data-secret\"))||(t=Math.random().toString(36).substring(2,12),e.src+=\"#?secret=\"+t,e.setAttribute(\"data-secret\",t)),e.contentWindow.postMessage({message:\"ready\",secret:t},\"*\")},!1)))}(window,document);\n\/\/# sourceURL=https:\/\/lietuve.lt\/wp-includes\/js\/wp-embed.min.js\n\/* ]]> *\/\n<\/script>\n","thumbnail_url":"https:\/\/lietuve.lt\/wp-content\/uploads\/2019\/02\/DSC03415.jpg","thumbnail_width":800,"thumbnail_height":600,"description":"Tel\u0161i\u0173 lop\u0161elio-dar\u017eelio \u201eBer\u017eelis\u201c bendruomen\u0117 sausio 28 dienos rytmet\u012f susirinko \u012f rengin\u012f \u201eKon sak\u0101, a mon sak\u0101?\u201c. Renginys, skirtas pamin\u0117ti \u017demaitijos metams (2019-ieji Lietuvoje paskelbti \u017demaitijos metais), ir tapo simboline jau vasario viduryje visoje Lietuvoje prasid\u0117sian\u010di\u0173 ir \u012fstaigoje aktyviai min\u0117sim\u0173 Lietuvi\u0173 kalbos dien\u0173 \u012f\u017eanga. Akcentuota, jog ra\u0161ytiniuose \u0161altiniuose \u017demaitijos vardas pirm\u0105 kart\u0105 pamin\u0117tas prie\u0161 800 met\u0173"}