{"version":"1.0","provider_name":"\u017durnalas Lietuv\u0117","provider_url":"https:\/\/lietuve.lt","title":"\u017dem\u0117s dienos min\u0117jimo renginiai Kaune - \u017durnalas Lietuv\u0117","type":"rich","width":600,"height":338,"html":"<blockquote class=\"wp-embedded-content\" data-secret=\"jCbalwi54S\"><a href=\"https:\/\/lietuve.lt\/zemes-dienos-minejimo-renginiai-kaune\/\">\u017dem\u0117s dienos min\u0117jimo renginiai Kaune<\/a><\/blockquote><iframe sandbox=\"allow-scripts\" security=\"restricted\" src=\"https:\/\/lietuve.lt\/zemes-dienos-minejimo-renginiai-kaune\/embed\/#?secret=jCbalwi54S\" width=\"600\" height=\"338\" title=\"&#8220;\u017dem\u0117s dienos min\u0117jimo renginiai Kaune&#8221; &#8212; \u017durnalas Lietuv\u0117\" data-secret=\"jCbalwi54S\" frameborder=\"0\" marginwidth=\"0\" marginheight=\"0\" scrolling=\"no\" class=\"wp-embedded-content\"><\/iframe><script type=\"text\/javascript\">\n\/* <![CDATA[ *\/\n\/*! This file is auto-generated *\/\n!function(d,l){\"use strict\";l.querySelector&&d.addEventListener&&\"undefined\"!=typeof URL&&(d.wp=d.wp||{},d.wp.receiveEmbedMessage||(d.wp.receiveEmbedMessage=function(e){var t=e.data;if((t||t.secret||t.message||t.value)&&!\/[^a-zA-Z0-9]\/.test(t.secret)){for(var s,r,n,a=l.querySelectorAll('iframe[data-secret=\"'+t.secret+'\"]'),o=l.querySelectorAll('blockquote[data-secret=\"'+t.secret+'\"]'),c=new RegExp(\"^https?:$\",\"i\"),i=0;i<o.length;i++)o[i].style.display=\"none\";for(i=0;i<a.length;i++)s=a[i],e.source===s.contentWindow&&(s.removeAttribute(\"style\"),\"height\"===t.message?(1e3<(r=parseInt(t.value,10))?r=1e3:~~r<200&&(r=200),s.height=r):\"link\"===t.message&&(r=new URL(s.getAttribute(\"src\")),n=new URL(t.value),c.test(n.protocol))&&n.host===r.host&&l.activeElement===s&&(d.top.location.href=t.value))}},d.addEventListener(\"message\",d.wp.receiveEmbedMessage,!1),l.addEventListener(\"DOMContentLoaded\",function(){for(var e,t,s=l.querySelectorAll(\"iframe.wp-embedded-content\"),r=0;r<s.length;r++)(t=(e=s[r]).getAttribute(\"data-secret\"))||(t=Math.random().toString(36).substring(2,12),e.src+=\"#?secret=\"+t,e.setAttribute(\"data-secret\",t)),e.contentWindow.postMessage({message:\"ready\",secret:t},\"*\")},!1)))}(window,document);\n\/\/# sourceURL=https:\/\/lietuve.lt\/wp-includes\/js\/wp-embed.min.js\n\/* ]]> *\/\n<\/script>\n","description":"Kauno miesto savivaldyb\u0117 kovo 20 d. organizuoja tradicin\u012f \u017dem\u0117s dienos min\u0117jimo rengin\u012f. Per j\u012f bus pakelta \u017dem\u0117s v\u0117liava, skelbianti \u017dem\u0117s m\u0117nesio prad\u017ei\u0105, ir atidaryta fotografij\u0173 paroda, kuri savivaldyb\u0117je bus eksponuojama vis\u0105 m\u0117nes\u012f (kovo 20\u2013baland\u017eio 20 d.). Pasaulin\u0117s \u017dem\u0117s dienos min\u0117jimo programa 12.30\u201313.00 val. \u0160ventin\u0117 Kauno pu\u010diam\u0173j\u0173 instrument\u0173 orkestro \u201e\u0104\u017euolynas\u201c ir renginio dalyvi\u0173 eisena Laisv\u0117s al\u0117ja"}