{"version":"1.0","provider_name":"\u017durnalas Lietuv\u0117","provider_url":"https:\/\/lietuve.lt","title":"\u017dinomas dizaineris K\u0119stutis Lekeckas kvie\u010dia keisti vartojimo \u012fpro\u010dius - \u017durnalas Lietuv\u0117","type":"rich","width":600,"height":338,"html":"<blockquote class=\"wp-embedded-content\" data-secret=\"TEhthUivit\"><a href=\"https:\/\/lietuve.lt\/zinomas-dizaineris-kestutis-lekeckas-kviecia-keisti-vartojimo-iprocius\/\">\u017dinomas dizaineris K\u0119stutis Lekeckas kvie\u010dia keisti vartojimo \u012fpro\u010dius<\/a><\/blockquote><iframe sandbox=\"allow-scripts\" security=\"restricted\" src=\"https:\/\/lietuve.lt\/zinomas-dizaineris-kestutis-lekeckas-kviecia-keisti-vartojimo-iprocius\/embed\/#?secret=TEhthUivit\" width=\"600\" height=\"338\" title=\"&#8220;\u017dinomas dizaineris K\u0119stutis Lekeckas kvie\u010dia keisti vartojimo \u012fpro\u010dius&#8221; &#8212; \u017durnalas Lietuv\u0117\" data-secret=\"TEhthUivit\" frameborder=\"0\" marginwidth=\"0\" marginheight=\"0\" scrolling=\"no\" class=\"wp-embedded-content\"><\/iframe><script type=\"text\/javascript\">\n\/* <![CDATA[ *\/\n\/*! This file is auto-generated *\/\n!function(d,l){\"use strict\";l.querySelector&&d.addEventListener&&\"undefined\"!=typeof URL&&(d.wp=d.wp||{},d.wp.receiveEmbedMessage||(d.wp.receiveEmbedMessage=function(e){var t=e.data;if((t||t.secret||t.message||t.value)&&!\/[^a-zA-Z0-9]\/.test(t.secret)){for(var s,r,n,a=l.querySelectorAll('iframe[data-secret=\"'+t.secret+'\"]'),o=l.querySelectorAll('blockquote[data-secret=\"'+t.secret+'\"]'),c=new RegExp(\"^https?:$\",\"i\"),i=0;i<o.length;i++)o[i].style.display=\"none\";for(i=0;i<a.length;i++)s=a[i],e.source===s.contentWindow&&(s.removeAttribute(\"style\"),\"height\"===t.message?(1e3<(r=parseInt(t.value,10))?r=1e3:~~r<200&&(r=200),s.height=r):\"link\"===t.message&&(r=new URL(s.getAttribute(\"src\")),n=new URL(t.value),c.test(n.protocol))&&n.host===r.host&&l.activeElement===s&&(d.top.location.href=t.value))}},d.addEventListener(\"message\",d.wp.receiveEmbedMessage,!1),l.addEventListener(\"DOMContentLoaded\",function(){for(var e,t,s=l.querySelectorAll(\"iframe.wp-embedded-content\"),r=0;r<s.length;r++)(t=(e=s[r]).getAttribute(\"data-secret\"))||(t=Math.random().toString(36).substring(2,12),e.src+=\"#?secret=\"+t,e.setAttribute(\"data-secret\",t)),e.contentWindow.postMessage({message:\"ready\",secret:t},\"*\")},!1)))}(window,document);\n\/\/# sourceURL=https:\/\/lietuve.lt\/wp-includes\/js\/wp-embed.min.js\n\/* ]]> *\/\n<\/script>\n","thumbnail_url":"https:\/\/lietuve.lt\/wp-content\/uploads\/2022\/09\/Lekeckas-scaled.jpg","thumbnail_width":1024,"thumbnail_height":669,"description":"Verslas \u2013 nat\u016brali lyderi\u0173 aplinka. Kauno vadovai renkasi priva\u010diuose susitikimuose, kuriuose ne tik aptariami verslo reikalai, bet ir ple\u010diamos pa\u017eintys. \u0160\u012fkart pasitikti nauj\u0105j\u012f mokslo met\u0173 sezon\u0105 \u017eym\u016bs kaunie\u010diai ir verslininkai nusprend\u0117 ne\u012fprastai \u2013 dizainerio, moksl\u0173 daktaro, KTU Dizaino centro docento K\u0119stu\u010dio Lekecko priva\u010dioje k\u016brybin\u0117je studijoje. Sve\u010diai sp\u0117jo ne tik pasimatuoti, paliesti ar ap\u017ei\u016br\u0117ti sezono naujienas,"}